{"id":410,"date":"2023-09-26T10:27:50","date_gmt":"2023-09-26T10:27:50","guid":{"rendered":"https:\/\/vamospolo.es\/?page_id=410"},"modified":"2023-11-23T07:47:08","modified_gmt":"2023-11-23T07:47:08","slug":"inici","status":"publish","type":"page","link":"https:\/\/vamospolo.es\/ca\/","title":{"rendered":"Inici"},"content":{"rendered":"\n<style type=\"text\/css\" data-created_by=\"avia_inline_auto\" id=\"style-css-av-ln4efuh4-9987d1d2bfc2dac86fe248aa4916f439\">\n.avia-section.av-ln4efuh4-9987d1d2bfc2dac86fe248aa4916f439{\nbackground-repeat:no-repeat;\nbackground-image:url(https:\/\/vamospolo.es\/wp-content\/uploads\/2023\/11\/Slider-home_SOM-HI_POLO_1920x1080-4.jpg);\nbackground-position:50% 0%;\nbackground-attachment:fixed;\n}\n<\/style>\n<div id='av_section_1'  class='avia-section av-ln4efuh4-9987d1d2bfc2dac86fe248aa4916f439 main_color avia-section-default avia-no-border-styling  avia-builder-el-0  el_before_av_section  avia-builder-el-first  av-medium-hide av-small-hide av-mini-hide avia-full-stretch avia-bg-style-fixed av-minimum-height av-minimum-height-100 av-height-100  container_wrap sidebar_right'  data-section-bg-repeat='stretch' data-av_minimum_height_pc='100' data-av_min_height_opt='100'><div class='container av-section-cont-open' ><main  role=\"main\" itemprop=\"mainContentOfPage\"  class='template-page content  av-content-small alpha units'><div class='post-entry post-entry-type-page post-entry-410'><div class='entry-content-wrapper clearfix'>\n<\/div><\/div><\/main><!-- close content main element --><\/div><\/div>\n<style type=\"text\/css\" data-created_by=\"avia_inline_auto\" id=\"style-css-av-lnd28jeg-9ff640074bb8bc5674d2ed73358de3a6\">\n.avia-section.av-lnd28jeg-9ff640074bb8bc5674d2ed73358de3a6{\nbackground-repeat:no-repeat;\nbackground-image:url(https:\/\/vamospolo.es\/wp-content\/uploads\/2023\/11\/Slider-home_SOM-HI_POLO_989x659.jpg);\nbackground-position:50% 0%;\nbackground-attachment:scroll;\n}\n<\/style>\n<div id='av_section_2'  class='avia-section av-lnd28jeg-9ff640074bb8bc5674d2ed73358de3a6 main_color avia-section-no-padding avia-no-border-styling  avia-builder-el-1  el_after_av_section  el_before_av_section  av-desktop-hide av-small-hide av-mini-hide avia-full-stretch avia-bg-style-scroll av-minimum-height av-minimum-height-80 av-height-percent  container_wrap sidebar_right'  data-section-bg-repeat='stretch' data-av_minimum_height_pc='80' data-av_min_height_opt='percent'><div class='container av-section-cont-open' ><div class='template-page content  av-content-small alpha units'><div class='post-entry post-entry-type-page post-entry-410'><div class='entry-content-wrapper clearfix'>\n<\/div><\/div><\/div><!-- close content main div --><\/div><\/div>\n<style type=\"text\/css\" data-created_by=\"avia_inline_auto\" id=\"style-css-av-lo5hmbiw-c5736d08a62e90cbd9f28ccc43ad81a2\">\n.avia-section.av-lo5hmbiw-c5736d08a62e90cbd9f28ccc43ad81a2{\nbackground-repeat:no-repeat;\nbackground-image:url(https:\/\/vamospolo.es\/wp-content\/uploads\/2023\/11\/Slider-home_SOM-HI_POLO_767x450.jpg);\nbackground-position:50% 0%;\nbackground-attachment:scroll;\n}\n<\/style>\n<div id='av_section_3'  class='avia-section av-lo5hmbiw-c5736d08a62e90cbd9f28ccc43ad81a2 main_color avia-section-no-padding avia-no-border-styling  avia-builder-el-2  el_after_av_section  el_before_av_section  av-desktop-hide av-medium-hide av-mini-hide avia-full-stretch avia-bg-style-scroll av-minimum-height av-minimum-height-99 av-height-percent  container_wrap sidebar_right'  data-section-bg-repeat='stretch' data-av_minimum_height_pc='99' data-av_min_height_opt='percent'><div class='container av-section-cont-open' ><div class='template-page content  av-content-small alpha units'><div class='post-entry post-entry-type-page post-entry-410'><div class='entry-content-wrapper clearfix'>\n<\/div><\/div><\/div><!-- close content main div --><\/div><\/div>\n<style type=\"text\/css\" data-created_by=\"avia_inline_auto\" id=\"style-css-av-lomu4hzp-b1612875d13def6f2b1f193ecb761815\">\n.avia-section.av-lomu4hzp-b1612875d13def6f2b1f193ecb761815{\nbackground-repeat:no-repeat;\nbackground-image:url(https:\/\/vamospolo.es\/wp-content\/uploads\/2023\/11\/Slider-home_SOM-HI_POLO_1080x1319.jpg);\nbackground-position:50% 0%;\nbackground-attachment:scroll;\n}\n<\/style>\n<div id='av_section_4'  class='avia-section av-lomu4hzp-b1612875d13def6f2b1f193ecb761815 main_color avia-section-no-padding avia-no-border-styling  avia-builder-el-3  el_after_av_section  el_before_av_section  av-desktop-hide av-medium-hide av-small-hide avia-full-stretch avia-bg-style-scroll av-minimum-height av-minimum-height-75 av-height-percent  container_wrap sidebar_right'  data-section-bg-repeat='stretch' data-av_minimum_height_pc='75' data-av_min_height_opt='percent'><div class='container av-section-cont-open' ><div class='template-page content  av-content-small alpha units'><div class='post-entry post-entry-type-page post-entry-410'><div class='entry-content-wrapper clearfix'>\n<\/div><\/div><\/div><!-- close content main div --><\/div><\/div>\n<style type=\"text\/css\" data-created_by=\"avia_inline_auto\" id=\"style-css-av-ln4f6gin-e20dc02a008886ce8f931123dc74b752\">\n.avia-section.av-ln4f6gin-e20dc02a008886ce8f931123dc74b752{\nbackground-repeat:no-repeat;\nbackground-image:url(https:\/\/vamospolo.es\/wp-content\/uploads\/2023\/10\/Javier-moreno-meyerjoff.jpg);\nbackground-position:50% 0%;\nbackground-attachment:scroll;\n}\n<\/style>\n<div id='av_section_5'  class='avia-section av-ln4f6gin-e20dc02a008886ce8f931123dc74b752 main_color avia-section-default avia-no-border-styling  avia-builder-el-4  el_after_av_section  el_before_av_section  av-small-hide av-mini-hide avia-full-stretch avia-bg-style-scroll av-minimum-height av-minimum-height-100 av-height-100  container_wrap sidebar_right'  data-section-bg-repeat='stretch' data-av_minimum_height_pc='100' data-av_min_height_opt='100'><div class='container av-section-cont-open' ><div class='template-page content  av-content-small alpha units'><div class='post-entry post-entry-type-page post-entry-410'><div class='entry-content-wrapper clearfix'>\n<\/div><\/div><\/div><!-- close content main div --><\/div><\/div>\n<style type=\"text\/css\" data-created_by=\"avia_inline_auto\" id=\"style-css-av-lncvjxpc-4519f52a903fd0f134e442403dc67c6a\">\n.avia-section.av-lncvjxpc-4519f52a903fd0f134e442403dc67c6a{\nbackground-repeat:no-repeat;\nbackground-image:url(https:\/\/vamospolo.es\/wp-content\/uploads\/2023\/10\/Javier-moreno-meyerjoff_1080x1080-1.jpg);\nbackground-position:50% 0%;\nbackground-attachment:scroll;\n}\n<\/style>\n<div id='av_section_6'  class='avia-section av-lncvjxpc-4519f52a903fd0f134e442403dc67c6a main_color avia-section-default avia-no-border-styling  avia-builder-el-5  el_after_av_section  el_before_av_textblock  av-desktop-hide av-medium-hide avia-full-stretch avia-bg-style-scroll av-minimum-height av-minimum-height-99vw av-height-percent_width  container_wrap sidebar_right'  data-section-bg-repeat='stretch' data-av_minimum_height_pc='99' data-av_min_height_opt='percent_width'><div class='container av-section-cont-open' ><div class='template-page content  av-content-small alpha units'><div class='post-entry post-entry-type-page post-entry-410'><div class='entry-content-wrapper clearfix'><\/div><\/div><\/div><!-- close content main div --><\/div><\/div><div id='after_section_6'  class='main_color av_default_container_wrap container_wrap sidebar_right'  ><div class='container av-section-cont-open' ><div class='template-page content  av-content-small alpha units'><div class='post-entry post-entry-type-page post-entry-410'><div class='entry-content-wrapper clearfix'>\n<section  class='av_textblock_section av-lo8ggm0p-bcb78996ef433a9da69af11a3574ba97 '   itemscope=\"itemscope\" itemtype=\"https:\/\/schema.org\/CreativeWork\" ><div class='avia_textblock'  itemprop=\"text\" ><p style=\"text-align: center;\">Advocat i Soci Fundador de IurisTalent<br \/>\nSoci: 1861<\/p>\n<\/div><\/section>\n\n<style type=\"text\/css\" data-created_by=\"avia_inline_auto\" id=\"style-css-av-lo8ghlrv-4ccd80576533cde0406b600ca59b1263\">\n.av_font_icon.av-lo8ghlrv-4ccd80576533cde0406b600ca59b1263{\ncolor:#08468c;\nborder-color:#08468c;\n}\n.av_font_icon.av-lo8ghlrv-4ccd80576533cde0406b600ca59b1263 .av-icon-char{\nfont-size:40px;\nline-height:40px;\n}\n<\/style>\n<span  class='av_font_icon av-lo8ghlrv-4ccd80576533cde0406b600ca59b1263 avia_animate_when_visible av-icon-style- avia-icon-pos-center avia-icon-animate'><a href='https:\/\/www.linkedin.com\/in\/javier-moreno-meyerhoff-8305498'   class='av-icon-char' aria-hidden='true' data-av_icon='\ue8fd' data-av_iconfont='entypo-fontello' ><\/a><\/span>\n<\/div><\/div><\/div><!-- close content main div --><\/div><\/div><div id='av_section_7'  class='avia-section av-f66-f4438ca0ea3e47334b7f1c3854c46893 main_color avia-section-no-padding avia-no-border-styling  avia-builder-el-8  el_after_av_font_icon  el_before_av_section  avia-bg-style-scroll container_wrap sidebar_right'  ><div class='container av-section-cont-open' ><div class='template-page content  av-content-small alpha units'><div class='post-entry post-entry-type-page post-entry-410'><div class='entry-content-wrapper clearfix'>\n\n<style type=\"text\/css\" data-created_by=\"avia_inline_auto\" id=\"style-css-av-lncub6e1-98fd187cc0059ab6d7064c3656699d67\">\n#top .hr.hr-invisible.av-lncub6e1-98fd187cc0059ab6d7064c3656699d67{\nheight:50px;\n}\n<\/style>\n<div  class='hr av-lncub6e1-98fd187cc0059ab6d7064c3656699d67 hr-invisible  avia-builder-el-9  el_before_av_textblock  avia-builder-el-first '><span class='hr-inner '><span class=\"hr-inner-style\"><\/span><\/span><\/div>\n\n<style type=\"text\/css\" data-created_by=\"avia_inline_auto\" id=\"style-css-av-ln2uylia-2498c986e51e42c8c00a6f5051409766\">\n#top .av_textblock_section.av-ln2uylia-2498c986e51e42c8c00a6f5051409766 .avia_textblock{\nfont-size:16px;\ncolumn-count:2;\n}\n<\/style>\n<section  class='av_textblock_section av-ln2uylia-2498c986e51e42c8c00a6f5051409766 '   itemscope=\"itemscope\" itemtype=\"https:\/\/schema.org\/CreativeWork\" ><div class='av-small-hide av-mini-hide avia_textblock av_multi_colums'  itemprop=\"text\" ><p style=\"font-size: 16px;\">Despr\u00e9s d&#8217;una llarga traject\u00f2ria com a membre de les darreres juntes directives, m&#8217;il\u00b7lusiona encap\u00e7alar una candidatura formada per un equip de socis, que vivim i gaudim el Polo des de fa molts anys i que vam posar el m\u00e0xim esfor\u00e7 i comprom\u00eds a fer un Polo encara millor.<\/p>\n<p style=\"font-size: 16px;\">Tenim per davant importants reptes que dur a terme, com la posada en marxa del nou edifici de fitness, l&#8217;ampliaci\u00f3 d&#8217;instal\u00b7lacions esportives en p\u00e0del i tennis, una major professionalitzaci\u00f3 de les escoles esportives, dinamitzar l&#8217;activitat social, o la millora de la restauraci\u00f3 i conservaci\u00f3 dels espais comuns, aix\u00ed com la mobilitat i aparcament al club, entre d&#8217;altres.<\/p>\n<p style=\"font-size: 16px;\">Volem un club tamb\u00e9 m\u00e9s solidari, potenciant la nostra implicaci\u00f3 amb els col\u00b7lectius m\u00e9s desfavorits; m\u00e9s sostenible, reutilitzant l&#8217;aigua que consumim o ampliant la nostra planta fotovoltaica; un club de pedrera, on els protagonistes dels nostres primers equips siguin els socis del club i tamb\u00e9 un club on els m\u00e9s s\u00e8niors puguin tenir els seus espais i activitats de lleure. Sense oblidar-nos dels m\u00e9s petits renovant i actualitzant el parc infantil i la zona de jocs adjacent.<\/p>\n<p style=\"font-size: 16px;\">Reptes que precisen d&#8217; un equip professional, paritari, comprom\u00e8s, coneixedor de l&#8217;entorn i la filosofia del Polo i capa\u00e7 de dedicar temps de qualitat i experi\u00e8ncia per complir amb els objectius de millora que ens hem proposat. Tot aix\u00f2 sota un criteri estricte de prud\u00e8ncia i rigor, situant el soci i les seves fam\u00edlies a l&#8217;eix principal de totes les nostres actuacions.<\/p>\n<p style=\"font-weight: 400;\">COMIT\u00c8 EXECUTIU<\/p>\n<ul>\n<li>Javier Moreno Meyerhoff: President<\/li>\n<li>Monica Espadaler : Vicepresident Esportiu<\/li>\n<li>Pere Vi\u00f1olas: Vicepresident Econ\u00f2mic<\/li>\n<li>Sergio Palou Loverdos: Tresorer<\/li>\n<li>Jos\u00e9 Luis de Prada: Comptador<\/li>\n<li>Antonio Llamas: Secretari<\/li>\n<li>Aitana M\u00e9ndez Vilaplana: Vicesecretari i Responsable Casa Club<\/li>\n<li>Ana Sitjar: Vocal responsable de Tennis<\/li>\n<li>Ricardo Balasch: Vocal Responsable de P\u00e0del<\/li>\n<li>Kike Baixas: Vocal Responsable d&#8217;Hoquei<\/li>\n<li>Francisco Colomer: Vocal Responsable d&#8217;H\u00edpica<\/li>\n<li><span lang=\"es\">Anna Claret: Vocal Responsable de Fitness &#8211; Sport Center<\/span><\/li>\n<li>Jose Pujol: Vocal Responsable Social<\/li>\n<li>Ariadna Belver: Vocal Responsable Comunicaci\u00f3 i Patrocini<\/li>\n<\/ul>\n<\/div><\/section>\n\n<style type=\"text\/css\" data-created_by=\"avia_inline_auto\" id=\"style-css-av-lncwlezb-38eedd142b016c705015bf12d59f2396\">\n#top .av_textblock_section.av-lncwlezb-38eedd142b016c705015bf12d59f2396 .avia_textblock{\nfont-size:16px;\n}\n.avia-fold-unfold-section.av-fold-textblock-av-lncwlezb-38eedd142b016c705015bf12d59f2396 .av-fold-unfold-container{\nmax-height:200px;\n}\n<\/style>\n<section id=\"avia_sc_text_3\" class='av_textblock_section av-lncwlezb-38eedd142b016c705015bf12d59f2396 avia-fold-unfold-section avia-fold-textblock-wrap avia-fold-init av-fold-textblock-av-lncwlezb-38eedd142b016c705015bf12d59f2396 align-left' data-fold_unfold=\"{&quot;type&quot;:&quot;avia-fold-unfold-section&quot;,&quot;height&quot;:&quot;200&quot;,&quot;more&quot;:&quot;Leer m\\u00e1s&quot;,&quot;less&quot;:&quot;Leer menos&quot;,&quot;context&quot;:&quot;avia_sc_text&quot;}\"  itemscope=\"itemscope\" itemtype=\"https:\/\/schema.org\/CreativeWork\" ><div class=\"av-fold-unfold-container folded\"><\/div><div class='av-fold-button-wrapper av-textblock-btn-wrap'><a href=\"#\" class=\"av-fold-button-container \" data-ignore_hash=\"1\" data-no_scroll_in_viewport=\"1\" data-scroll_top_offset=\"50\">Leer m\u00e1s<\/a><\/div><div class='av-desktop-hide av-medium-hide avia_textblock'  itemprop=\"text\" ><p style=\"font-size: 16px;\">Despr\u00e9s d&#8217;una llarga traject\u00f2ria com a membre de les darreres juntes directives, m&#8217;il\u00b7lusiona encap\u00e7alar una candidatura formada per un equip de socis, que vivim i gaudim el Polo des de fa molts anys i que vam posar el m\u00e0xim esfor\u00e7 i comprom\u00eds a fer un Polo encara millor.<\/p>\n<p style=\"font-size: 16px;\">Tenim per davant importants reptes que dur a terme, com la posada en marxa del nou edifici de fitness, l&#8217;ampliaci\u00f3 d&#8217;instal\u00b7lacions esportives en p\u00e0del i tennis, una major professionalitzaci\u00f3 de les escoles esportives, dinamitzar l&#8217;activitat social, o la millora de la restauraci\u00f3 i conservaci\u00f3 dels espais comuns, aix\u00ed com la mobilitat i aparcament al club, entre d&#8217;altres.<\/p>\n<p><span style=\"font-size: 16px;\">Reptes que precisen d&#8217; un equip professional, paritari, comprom\u00e8s, coneixedor de l&#8217;entorn i la filosofia del Polo i capa\u00e7 de dedicar temps de qualitat i experi\u00e8ncia per complir amb els objectius de millora que ens hem proposat. Tot aix\u00f2 sota un criteri estricte de prud\u00e8ncia i rigor, situant el soci i les seves fam\u00edlies a l&#8217;eix principal de totes les nostres actuacions.<\/span><\/p>\n<p style=\"font-weight: 400;\">COMISSI\u00d3 EXECUTIVA<\/p>\n<ul>\n<li>Javier Moreno Meyerhoff: President<\/li>\n<li>Monica Espadaler : Vicepresident Esportiu<\/li>\n<li>Pere Vi\u00f1olas: Vicepresident Econ\u00f2mic<\/li>\n<li>Sergio Palou Loverdos: Tresorer<\/li>\n<li>Jos\u00e9 Luis de Prada: Comptador<\/li>\n<li>Antonio Llamas: Secretari<\/li>\n<li>Aitana M\u00e9ndez Vilaplana: Vicesecretari i Responsable Casa Club<\/li>\n<li>Ana Sitjar: Vocal responsable de Tennis<\/li>\n<li>Ricardo Balasch: Vocal Responsable de P\u00e0del<\/li>\n<li>Kike Baixas: Vocal Responsable d&#8217;Hoquei<\/li>\n<li>Francisco Colomer: Vocal Responsable d&#8217;H\u00edpica<\/li>\n<li><span lang=\"es\">Anna Claret: Vocal Responsable de Fitness &#8211; Sports Center<\/span><\/li>\n<li>Jose Pujol: Vocal Responsable Social<\/li>\n<li>Ariadna Belver: Vocal Responsable Comunicaci\u00f3 i Patrocini<\/li>\n<\/ul>\n<\/div><\/section>\n\n<style type=\"text\/css\" data-created_by=\"avia_inline_auto\" id=\"style-css-av-lncubbl9-eeeddcb6579c74a92d13ea58d7c0aed3\">\n#top .hr.hr-invisible.av-lncubbl9-eeeddcb6579c74a92d13ea58d7c0aed3{\nheight:50px;\n}\n<\/style>\n<div  class='hr av-lncubbl9-eeeddcb6579c74a92d13ea58d7c0aed3 hr-invisible  avia-builder-el-12  el_after_av_textblock  avia-builder-el-last '><span class='hr-inner '><span class=\"hr-inner-style\"><\/span><\/span><\/div>\n\n<\/div><\/div><\/div><!-- close content main div --><\/div><\/div>\n<style type=\"text\/css\" data-created_by=\"avia_inline_auto\" id=\"style-css-av-lnljz8lp-ea82e19626171d6cf2dcef1ec1d81693\">\n.avia-section.av-lnljz8lp-ea82e19626171d6cf2dcef1ec1d81693{\nbackground-repeat:no-repeat;\nbackground-image:url(https:\/\/vamospolo.es\/wp-content\/uploads\/2023\/10\/equipovamospolo.jpg);\nbackground-position:50% 0%;\nbackground-attachment:scroll;\n}\n<\/style>\n<div id='av_section_8'  class='avia-section av-lnljz8lp-ea82e19626171d6cf2dcef1ec1d81693 main_color avia-section-default avia-no-border-styling  avia-builder-el-13  el_after_av_section  el_before_av_section  av-small-hide av-mini-hide avia-full-stretch avia-bg-style-scroll av-minimum-height av-minimum-height-100 av-height-100  container_wrap sidebar_right'  data-section-bg-repeat='stretch' data-av_minimum_height_pc='100' data-av_min_height_opt='100'><div class='container av-section-cont-open' ><div class='template-page content  av-content-small alpha units'><div class='post-entry post-entry-type-page post-entry-410'><div class='entry-content-wrapper clearfix'>\n<\/div><\/div><\/div><!-- close content main div --><\/div><\/div>\n<style type=\"text\/css\" data-created_by=\"avia_inline_auto\" id=\"style-css-av-lnlk2w20-7fa08ab3d9d159ef1530d81bef64ae34\">\n.avia-section.av-lnlk2w20-7fa08ab3d9d159ef1530d81bef64ae34{\nbackground-repeat:no-repeat;\nbackground-image:url(https:\/\/vamospolo.es\/wp-content\/uploads\/2023\/10\/equipovamospolo1080x1080.jpg);\nbackground-position:50% 0%;\nbackground-attachment:scroll;\n}\n<\/style>\n<div id='av_section_9'  class='avia-section av-lnlk2w20-7fa08ab3d9d159ef1530d81bef64ae34 main_color avia-section-default avia-no-border-styling  avia-builder-el-14  el_after_av_section  el_before_av_one_half  av-desktop-hide av-medium-hide avia-full-stretch avia-bg-style-scroll av-minimum-height av-minimum-height-99vw av-height-percent_width  container_wrap sidebar_right'  data-section-bg-repeat='stretch' data-av_minimum_height_pc='99' data-av_min_height_opt='percent_width'><div class='container av-section-cont-open' ><div class='template-page content  av-content-small alpha units'><div class='post-entry post-entry-type-page post-entry-410'><div class='entry-content-wrapper clearfix'><\/div><\/div><\/div><!-- close content main div --><\/div><\/div><div id='after_section_9'  class='main_color av_default_container_wrap container_wrap sidebar_right'  ><div class='container av-section-cont-open' ><div class='template-page content  av-content-small alpha units'><div class='post-entry post-entry-type-page post-entry-410'><div class='entry-content-wrapper clearfix'>\n<div  class='flex_column av-av_one_half-692a56cb27b4036f41891925b87c1c70 av_one_half  avia-builder-el-15  el_after_av_section  el_before_av_one_half  avia-builder-el-first  first flex_column_div  '     ><p>\n<style type=\"text\/css\" data-created_by=\"avia_inline_auto\" id=\"style-css-av-lo2ncm9q-fc6ab6703282a98ae526a51c78006615\">\n.avia-image-container.av-lo2ncm9q-fc6ab6703282a98ae526a51c78006615 img.avia_image{\nbox-shadow:none;\n}\n.avia-image-container.av-lo2ncm9q-fc6ab6703282a98ae526a51c78006615 .av-image-caption-overlay-center{\ncolor:#ffffff;\n}\n<\/style>\n<div  class='avia-image-container av-lo2ncm9q-fc6ab6703282a98ae526a51c78006615 av-styling- avia-align-center  avia-builder-el-16  el_before_av_textblock  avia-builder-el-first '   itemprop=\"image\" itemscope=\"itemscope\" itemtype=\"https:\/\/schema.org\/ImageObject\" ><div class=\"avia-image-container-inner\"><div class=\"avia-image-overlay-wrap\"><img decoding=\"async\" class='wp-image-446 avia-img-lazy-loading-not-446 avia_image ' src=\"https:\/\/vamospolo.es\/wp-content\/uploads\/2023\/10\/1.Monica-espadaler.jpg\" alt='' title='1.Monica-espadaler'  height=\"650\" width=\"960\"  itemprop=\"thumbnailUrl\" srcset=\"https:\/\/vamospolo.es\/wp-content\/uploads\/2023\/10\/1.Monica-espadaler.jpg 960w, https:\/\/vamospolo.es\/wp-content\/uploads\/2023\/10\/1.Monica-espadaler-300x203.jpg 300w, https:\/\/vamospolo.es\/wp-content\/uploads\/2023\/10\/1.Monica-espadaler-768x520.jpg 768w, https:\/\/vamospolo.es\/wp-content\/uploads\/2023\/10\/1.Monica-espadaler-705x477.jpg 705w\" sizes=\"(max-width: 960px) 100vw, 960px\" \/><\/div><\/div><\/div><br \/>\n<section  class='av_textblock_section av-lo2nfuea-6005cab550986a0b63999117fc057694 '   itemscope=\"itemscope\" itemtype=\"https:\/\/schema.org\/CreativeWork\" ><div class='avia_textblock'  itemprop=\"text\" ><h4 style=\"text-align: center;\">M\u00f3nica Espadaler<\/h4>\n<p style=\"text-align: center;\">\u201cPotenciar el soci a totes les seccions esportives i amb la mateixa filosofia\u201d<br \/>\nS\u00f2cia 880<br \/>\nT\u00e9cnico RRPP y MBA ESADE<br \/>\nEmpres\u00e0ria<br \/>\n<em>Vicepresident Esportiu<\/em><\/p>\n<\/div><\/section><br \/>\n\n<style type=\"text\/css\" data-created_by=\"avia_inline_auto\" id=\"style-css-av-lo5p4agy-972c1afd08f46278e0f9c16882f51f53\">\n.av_font_icon.av-lo5p4agy-972c1afd08f46278e0f9c16882f51f53{\ncolor:#08468c;\nborder-color:#08468c;\n}\n.av_font_icon.av-lo5p4agy-972c1afd08f46278e0f9c16882f51f53 .av-icon-char{\nfont-size:40px;\nline-height:40px;\n}\n<\/style>\n<span  class='av_font_icon av-lo5p4agy-972c1afd08f46278e0f9c16882f51f53 avia_animate_when_visible av-icon-style- avia-icon-pos-center avia-icon-animate'><a href='https:\/\/es.linkedin.com\/in\/m%C3%B3nica-espadaler-a9219aa'   class='av-icon-char' aria-hidden='true' data-av_icon='\ue8fd' data-av_iconfont='entypo-fontello' ><\/a><\/span><\/p><\/div>\n<div  class='flex_column av-av_one_half-7bd3f5cd863a6256abcb544d7c276d96 av_one_half  avia-builder-el-19  el_after_av_one_half  el_before_av_one_fourth  flex_column_div  '     ><p>\n<style type=\"text\/css\" data-created_by=\"avia_inline_auto\" id=\"style-css-av-lo2nd0ea-e9eaadecba667f5dc0653a7c74fc3c2e\">\n.avia-image-container.av-lo2nd0ea-e9eaadecba667f5dc0653a7c74fc3c2e img.avia_image{\nbox-shadow:none;\n}\n.avia-image-container.av-lo2nd0ea-e9eaadecba667f5dc0653a7c74fc3c2e .av-image-caption-overlay-center{\ncolor:#ffffff;\n}\n<\/style>\n<div  class='avia-image-container av-lo2nd0ea-e9eaadecba667f5dc0653a7c74fc3c2e av-styling- avia-align-center  avia-builder-el-20  el_before_av_textblock  avia-builder-el-first '   itemprop=\"image\" itemscope=\"itemscope\" itemtype=\"https:\/\/schema.org\/ImageObject\" ><div class=\"avia-image-container-inner\"><div class=\"avia-image-overlay-wrap\"><img decoding=\"async\" class='wp-image-448 avia-img-lazy-loading-not-448 avia_image ' src=\"https:\/\/vamospolo.es\/wp-content\/uploads\/2023\/10\/2.Pere_vinyals.jpg\" alt='' title='2.Pere_vinyals'  height=\"650\" width=\"960\"  itemprop=\"thumbnailUrl\" srcset=\"https:\/\/vamospolo.es\/wp-content\/uploads\/2023\/10\/2.Pere_vinyals.jpg 960w, https:\/\/vamospolo.es\/wp-content\/uploads\/2023\/10\/2.Pere_vinyals-300x203.jpg 300w, https:\/\/vamospolo.es\/wp-content\/uploads\/2023\/10\/2.Pere_vinyals-768x520.jpg 768w, https:\/\/vamospolo.es\/wp-content\/uploads\/2023\/10\/2.Pere_vinyals-705x477.jpg 705w\" sizes=\"(max-width: 960px) 100vw, 960px\" \/><\/div><\/div><\/div><br \/>\n<section  class='av_textblock_section av-lo2ng9gg-74b348d1225a78f02c464a2ffb28f40b '   itemscope=\"itemscope\" itemtype=\"https:\/\/schema.org\/CreativeWork\" ><div class='avia_textblock'  itemprop=\"text\" ><h4 style=\"text-align: center;\">Pere Vi\u00f1olas<\/h4>\n<p style=\"text-align: center;\">&#8220;Vetllar per la salut econ\u00f2mica i financera del Club i enfortir el seu patrimoni\u201d<br \/>\nSoci 7184<br \/>\nCEO Colonial<br \/>\nESADE<br \/>\n<em>Vicepresident\u00a0<\/em><i>Econ\u00f2mic\u00a0<\/i><\/p>\n<\/div><\/section><br \/>\n\n<style type=\"text\/css\" data-created_by=\"avia_inline_auto\" id=\"style-css-av-lo5p59be-3553ddf4919556a735bd7453f438ae5e\">\n.av_font_icon.av-lo5p59be-3553ddf4919556a735bd7453f438ae5e{\ncolor:#08468c;\nborder-color:#08468c;\n}\n.av_font_icon.av-lo5p59be-3553ddf4919556a735bd7453f438ae5e .av-icon-char{\nfont-size:40px;\nline-height:40px;\n}\n<\/style>\n<span  class='av_font_icon av-lo5p59be-3553ddf4919556a735bd7453f438ae5e avia_animate_when_visible av-icon-style- avia-icon-pos-center avia-icon-animate'><a href='https:\/\/es.linkedin.com\/in\/pere-vi%C3%B1olas-serra-16822423'   class='av-icon-char' aria-hidden='true' data-av_icon='\ue8fd' data-av_iconfont='entypo-fontello' ><\/a><\/span><\/p><\/div>\n<div  class='flex_column av-lo5hwcwl-195d84affbd71c94dc3a89f17307b65f av_one_fourth  avia-builder-el-23  el_after_av_one_half  el_before_av_one_half  first flex_column_div av-hide-on-mobile  column-top-margin'     ><\/div>\n<div  class='flex_column av-av_one_half-7bd3f5cd863a6256abcb544d7c276d96 av_one_half  avia-builder-el-24  el_after_av_one_fourth  el_before_av_one_fourth  flex_column_div  column-top-margin'     ><p>\n<style type=\"text\/css\" data-created_by=\"avia_inline_auto\" id=\"style-css-av-lo5hqk7k-2bf32a766eac0c6ca938d067d0497fca\">\n.avia-image-container.av-lo5hqk7k-2bf32a766eac0c6ca938d067d0497fca img.avia_image{\nbox-shadow:none;\n}\n.avia-image-container.av-lo5hqk7k-2bf32a766eac0c6ca938d067d0497fca .av-image-caption-overlay-center{\ncolor:#ffffff;\n}\n<\/style>\n<div  class='avia-image-container av-lo5hqk7k-2bf32a766eac0c6ca938d067d0497fca av-styling- avia-align-center  avia-builder-el-25  el_before_av_textblock  avia-builder-el-first '   itemprop=\"image\" itemscope=\"itemscope\" itemtype=\"https:\/\/schema.org\/ImageObject\" ><div class=\"avia-image-container-inner\"><div class=\"avia-image-overlay-wrap\"><img decoding=\"async\" class='wp-image-634 avia-img-lazy-loading-not-634 avia_image ' src=\"https:\/\/vamospolo.es\/wp-content\/uploads\/2023\/10\/5.-Sergio-Palou.jpg\" alt='' title='5.-Sergio-Palou'  height=\"650\" width=\"960\"  itemprop=\"thumbnailUrl\" srcset=\"https:\/\/vamospolo.es\/wp-content\/uploads\/2023\/10\/5.-Sergio-Palou.jpg 960w, https:\/\/vamospolo.es\/wp-content\/uploads\/2023\/10\/5.-Sergio-Palou-300x203.jpg 300w, https:\/\/vamospolo.es\/wp-content\/uploads\/2023\/10\/5.-Sergio-Palou-768x520.jpg 768w, https:\/\/vamospolo.es\/wp-content\/uploads\/2023\/10\/5.-Sergio-Palou-705x477.jpg 705w\" sizes=\"(max-width: 960px) 100vw, 960px\" \/><\/div><\/div><\/div><br \/>\n<section  class='av_textblock_section av-lo5hs28o-c19f896e34c22bfcc6950a9577c43190 '   itemscope=\"itemscope\" itemtype=\"https:\/\/schema.org\/CreativeWork\" ><div class='avia_textblock'  itemprop=\"text\" ><h4 style=\"text-align: center;\">Sergio Palou Loverdos<\/h4>\n<p style=\"text-align: center;\">Soci 5798<br \/>\nLlicenciat Ci\u00e8ncies Econ\u00f2miques i Empresarials<br \/>\nPDG IESE<br \/>\n<em>Tresorer<\/em><\/p>\n<\/div><\/section><br \/>\n\n<style type=\"text\/css\" data-created_by=\"avia_inline_auto\" id=\"style-css-av-lo5p5wm6-13fa2e3218bf33d9d1fbd59b0edf460d\">\n.av_font_icon.av-lo5p5wm6-13fa2e3218bf33d9d1fbd59b0edf460d{\ncolor:#08468c;\nborder-color:#08468c;\n}\n.av_font_icon.av-lo5p5wm6-13fa2e3218bf33d9d1fbd59b0edf460d .av-icon-char{\nfont-size:40px;\nline-height:40px;\n}\n<\/style>\n<span  class='av_font_icon av-lo5p5wm6-13fa2e3218bf33d9d1fbd59b0edf460d avia_animate_when_visible av-icon-style- avia-icon-pos-center avia-icon-animate'><a href='https:\/\/es.linkedin.com\/in\/sergio-palou-loverdos-424bb2b'   class='av-icon-char' aria-hidden='true' data-av_icon='\ue8fd' data-av_iconfont='entypo-fontello' ><\/a><\/span><\/p><\/div><div  class='flex_column av-lo5hwj0g-6273890c75b6873dd6db4b357a72d764 av_one_fourth  avia-builder-el-28  el_after_av_one_half  el_before_av_one_half  flex_column_div av-hide-on-mobile  column-top-margin'     ><\/div><\/p>\n<div  class='flex_column av-av_one_half-692a56cb27b4036f41891925b87c1c70 av_one_half  avia-builder-el-29  el_after_av_one_fourth  el_before_av_one_half  first flex_column_div  column-top-margin'     ><p>\n<style type=\"text\/css\" data-created_by=\"avia_inline_auto\" id=\"style-css-av-lo2ndpun-492cfc0e5caed1af038f85e0d7733f5e\">\n.avia-image-container.av-lo2ndpun-492cfc0e5caed1af038f85e0d7733f5e img.avia_image{\nbox-shadow:none;\n}\n.avia-image-container.av-lo2ndpun-492cfc0e5caed1af038f85e0d7733f5e .av-image-caption-overlay-center{\ncolor:#ffffff;\n}\n<\/style>\n<div  class='avia-image-container av-lo2ndpun-492cfc0e5caed1af038f85e0d7733f5e av-styling- avia-align-center  avia-builder-el-30  el_before_av_textblock  avia-builder-el-first '   itemprop=\"image\" itemscope=\"itemscope\" itemtype=\"https:\/\/schema.org\/ImageObject\" ><div class=\"avia-image-container-inner\"><div class=\"avia-image-overlay-wrap\"><img decoding=\"async\" class='wp-image-555 avia-img-lazy-loading-not-555 avia_image ' src=\"https:\/\/vamospolo.es\/wp-content\/uploads\/2023\/10\/4.AntonioLlamas-2.jpg\" alt='' title='4.AntonioLlamas'  height=\"650\" width=\"960\"  itemprop=\"thumbnailUrl\" srcset=\"https:\/\/vamospolo.es\/wp-content\/uploads\/2023\/10\/4.AntonioLlamas-2.jpg 960w, https:\/\/vamospolo.es\/wp-content\/uploads\/2023\/10\/4.AntonioLlamas-2-300x203.jpg 300w, https:\/\/vamospolo.es\/wp-content\/uploads\/2023\/10\/4.AntonioLlamas-2-768x520.jpg 768w, https:\/\/vamospolo.es\/wp-content\/uploads\/2023\/10\/4.AntonioLlamas-2-705x477.jpg 705w\" sizes=\"(max-width: 960px) 100vw, 960px\" \/><\/div><\/div><\/div><br \/>\n<section  class='av_textblock_section av-lo2nh3ri-2e652d6098eb27979a1ef5651732217c '   itemscope=\"itemscope\" itemtype=\"https:\/\/schema.org\/CreativeWork\" ><div class='avia_textblock'  itemprop=\"text\" ><h4 style=\"text-align: center;\">Antonio Llamas<\/h4>\n<p style=\"text-align: center;\">Soci 3741<br \/>\nAdvocat<br \/>\n<em>Secretari<\/em><\/p>\n<\/div><\/section><br \/>\n\n<style type=\"text\/css\" data-created_by=\"avia_inline_auto\" id=\"style-css-av-lo5p6e5f-078ef96bdca596966d03c733cf6b0667\">\n.av_font_icon.av-lo5p6e5f-078ef96bdca596966d03c733cf6b0667{\ncolor:#08468c;\nborder-color:#08468c;\n}\n.av_font_icon.av-lo5p6e5f-078ef96bdca596966d03c733cf6b0667 .av-icon-char{\nfont-size:40px;\nline-height:40px;\n}\n<\/style>\n<span  class='av_font_icon av-lo5p6e5f-078ef96bdca596966d03c733cf6b0667 avia_animate_when_visible av-icon-style- avia-icon-pos-center avia-icon-animate'><a href='https:\/\/es.linkedin.com\/in\/antonio-llamas-m%C3%A1rquez-54488b25'   class='av-icon-char' aria-hidden='true' data-av_icon='\ue8fd' data-av_iconfont='entypo-fontello' ><\/a><\/span><\/p><\/div>\n<div  class='flex_column av-av_one_half-7bd3f5cd863a6256abcb544d7c276d96 av_one_half  avia-builder-el-33  el_after_av_one_half  el_before_av_section  avia-builder-el-last  flex_column_div  column-top-margin'     ><p>\n<style type=\"text\/css\" data-created_by=\"avia_inline_auto\" id=\"style-css-av-lo2nddq0-e093c90fc10749768de4deeb3df16c20\">\n.avia-image-container.av-lo2nddq0-e093c90fc10749768de4deeb3df16c20 img.avia_image{\nbox-shadow:none;\n}\n.avia-image-container.av-lo2nddq0-e093c90fc10749768de4deeb3df16c20 .av-image-caption-overlay-center{\ncolor:#ffffff;\n}\n<\/style>\n<div  class='avia-image-container av-lo2nddq0-e093c90fc10749768de4deeb3df16c20 av-styling- avia-align-center  avia-builder-el-34  el_before_av_textblock  avia-builder-el-first '   itemprop=\"image\" itemscope=\"itemscope\" itemtype=\"https:\/\/schema.org\/ImageObject\" ><div class=\"avia-image-container-inner\"><div class=\"avia-image-overlay-wrap\"><img decoding=\"async\" class='wp-image-450 avia-img-lazy-loading-not-450 avia_image ' src=\"https:\/\/vamospolo.es\/wp-content\/uploads\/2023\/10\/3.JoseLuisPradas.jpg\" alt='' title='3.JoseLuisPradas'  height=\"650\" width=\"960\"  itemprop=\"thumbnailUrl\" srcset=\"https:\/\/vamospolo.es\/wp-content\/uploads\/2023\/10\/3.JoseLuisPradas.jpg 960w, https:\/\/vamospolo.es\/wp-content\/uploads\/2023\/10\/3.JoseLuisPradas-300x203.jpg 300w, https:\/\/vamospolo.es\/wp-content\/uploads\/2023\/10\/3.JoseLuisPradas-768x520.jpg 768w, https:\/\/vamospolo.es\/wp-content\/uploads\/2023\/10\/3.JoseLuisPradas-705x477.jpg 705w\" sizes=\"(max-width: 960px) 100vw, 960px\" \/><\/div><\/div><\/div><br \/>\n<section  class='av_textblock_section av-lo2ngw6z-857918348db843ec323ffddcec4c52bc '   itemscope=\"itemscope\" itemtype=\"https:\/\/schema.org\/CreativeWork\" ><div class='avia_textblock'  itemprop=\"text\" ><h4 style=\"text-align: center;\">Jos\u00e9 Lu\u00eds Prada Larrea<\/h4>\n<p style=\"text-align: center;\">Soci:\u00a04729<br \/>\nManaging Partner Optio Law<br \/>\nComptador<\/p>\n<\/div><\/section><br \/>\n\n<style type=\"text\/css\" data-created_by=\"avia_inline_auto\" id=\"style-css-av-lo8gg0nk-75af40f4703f65551200a3c9411cd9e7\">\n.av_font_icon.av-lo8gg0nk-75af40f4703f65551200a3c9411cd9e7{\ncolor:#08468c;\nborder-color:#08468c;\n}\n.av_font_icon.av-lo8gg0nk-75af40f4703f65551200a3c9411cd9e7 .av-icon-char{\nfont-size:40px;\nline-height:40px;\n}\n<\/style>\n<span  class='av_font_icon av-lo8gg0nk-75af40f4703f65551200a3c9411cd9e7 avia_animate_when_visible av-icon-style- avia-icon-pos-center avia-icon-animate'><a href='https:\/\/www.linkedin.com\/in\/jos%C3%A9-luis-prada-larrea-35665935?utm_source=share&amp;utm_campaign=share_via&amp;utm_content=profile&amp;utm_medium=ios_app'   class='av-icon-char' aria-hidden='true' data-av_icon='\ue8fd' data-av_iconfont='entypo-fontello' ><\/a><\/span><\/p><\/div>\n<\/div><\/div><\/div><!-- close content main div --><\/div><\/div>\n<style type=\"text\/css\" data-created_by=\"avia_inline_auto\" id=\"style-css-av-lnbgddvm-684ee0593f4e5b7dd4f422a6bc84f619\">\n.avia-section.av-lnbgddvm-684ee0593f4e5b7dd4f422a6bc84f619 .av-parallax .av-parallax-inner{\nbackground-repeat:no-repeat;\nbackground-image:url(https:\/\/vamospolo.es\/wp-content\/uploads\/2023\/10\/Tenis.jpg);\nbackground-position:50% 0%;\nbackground-attachment:scroll;\n}\n.avia-section.av-lnbgddvm-684ee0593f4e5b7dd4f422a6bc84f619 .av-section-color-overlay{\nopacity:0.4;\nbackground-color:#08468c;\n}\n<\/style>\n<div id='av_section_10'  class='avia-section av-lnbgddvm-684ee0593f4e5b7dd4f422a6bc84f619 main_color avia-section-default avia-no-border-styling  avia-builder-el-37  el_after_av_one_half  el_before_av_section  av-small-hide av-mini-hide avia-full-stretch av-parallax-section avia-bg-style-parallax av-section-color-overlay-active av-minimum-height av-minimum-height-100 av-height-100  container_wrap sidebar_right'  data-section-bg-repeat='stretch' data-av_minimum_height_pc='100' data-av_min_height_opt='100'><div class='av-parallax' data-avia-parallax-ratio='0.3' ><div class='av-parallax-inner main_color avia-full-stretch'><\/div><\/div><div class=\"av-section-color-overlay-wrap\"><div class=\"av-section-color-overlay\"><\/div><div class='container av-section-cont-open' ><div class='template-page content  av-content-small alpha units'><div class='post-entry post-entry-type-page post-entry-410'><div class='entry-content-wrapper clearfix'>\n<\/div><\/div><\/div><!-- close content main div --><\/div><\/div><\/div>\n<style type=\"text\/css\" data-created_by=\"avia_inline_auto\" id=\"style-css-av-ln4hc40o-123af9b301c084e4e4a352a24a41f1ef\">\n.avia-section.av-ln4hc40o-123af9b301c084e4e4a352a24a41f1ef{\nbackground-repeat:no-repeat;\nbackground-image:url(https:\/\/vamospolo.es\/wp-content\/uploads\/2023\/10\/BANNER-TENNIS.jpg);\nbackground-position:0% 0%;\nbackground-attachment:scroll;\n}\n<\/style>\n<div id='teniscat'  class='avia-section av-ln4hc40o-123af9b301c084e4e4a352a24a41f1ef main_color avia-section-default avia-no-border-styling  avia-builder-el-38  el_after_av_section  el_before_av_section  av-small-hide av-mini-hide avia-full-stretch avia-bg-style-scroll av-minimum-height av-minimum-height-75 av-height-75  container_wrap sidebar_right'  data-section-bg-repeat='stretch' data-av_minimum_height_pc='75' data-av_min_height_opt='75'><div class='container av-section-cont-open' ><div class='template-page content  av-content-small alpha units'><div class='post-entry post-entry-type-page post-entry-410'><div class='entry-content-wrapper clearfix'>\n<\/div><\/div><\/div><!-- close content main div --><\/div><\/div>\n<style type=\"text\/css\" data-created_by=\"avia_inline_auto\" id=\"style-css-av-lncvmnty-05301f8ebb25511c0231b46416b8e9af\">\n.avia-section.av-lncvmnty-05301f8ebb25511c0231b46416b8e9af{\nbackground-repeat:no-repeat;\nbackground-image:url(https:\/\/vamospolo.es\/wp-content\/uploads\/2023\/10\/Banner_tennis-1080x1080-1.jpg);\nbackground-position:0% 0%;\nbackground-attachment:scroll;\n}\n<\/style>\n<div id='tenismobcat'  class='avia-section av-lncvmnty-05301f8ebb25511c0231b46416b8e9af main_color avia-section-default avia-no-border-styling  avia-builder-el-39  el_after_av_section  el_before_av_one_half  av-desktop-hide av-medium-hide avia-full-stretch avia-bg-style-scroll av-minimum-height av-minimum-height-99vw av-height-percent_width  container_wrap sidebar_right'  data-section-bg-repeat='stretch' data-av_minimum_height_pc='99' data-av_min_height_opt='percent_width'><div class='container av-section-cont-open' ><div class='template-page content  av-content-small alpha units'><div class='post-entry post-entry-type-page post-entry-410'><div class='entry-content-wrapper clearfix'><\/div><\/div><\/div><!-- close content main div --><\/div><\/div><div id='after_section_12'  class='main_color av_default_container_wrap container_wrap sidebar_right'  ><div class='container av-section-cont-open' ><div class='template-page content  av-content-small alpha units'><div class='post-entry post-entry-type-page post-entry-410'><div class='entry-content-wrapper clearfix'>\n<div  class='flex_column av-av_one_half-692a56cb27b4036f41891925b87c1c70 av_one_half  avia-builder-el-40  el_after_av_section  el_before_av_one_half  avia-builder-el-first  first flex_column_div  '     ><style type=\"text\/css\" data-created_by=\"avia_inline_auto\" id=\"style-css-av-ln4hcsc0-2139cd40c16c23647292097b98c033c0\">\n#top .av_textblock_section.av-ln4hcsc0-2139cd40c16c23647292097b98c033c0 .avia_textblock{\nfont-size:16px;\n}\n<\/style>\n<section  class='av_textblock_section av-ln4hcsc0-2139cd40c16c23647292097b98c033c0 '   itemscope=\"itemscope\" itemtype=\"https:\/\/schema.org\/CreativeWork\" ><div class='av-small-hide av-mini-hide avia_textblock'  itemprop=\"text\" ><ul>\n<li>Fomentar l&#8217;excel\u00b7l\u00e8ncia a l&#8217;Escola de Tennis i a la mesura de cada alumne.<\/li>\n<li>\n<div><span lang=\"es\">Millorar la disponibilitat de pistes.<\/span><\/div>\n<\/li>\n<li>Impulsar un pla estrat\u00e8gic per als socis m\u00e9s joves de cara a construir la pr\u00f2pia pedrera del Club.<\/li>\n<li>Fomentar la participaci\u00f3 dels socis en els equips de tennis i en els campionats.<\/li>\n<\/ul>\n<\/div><\/section><\/div>\n<div  class='flex_column av-av_one_half-7bd3f5cd863a6256abcb544d7c276d96 av_one_half  avia-builder-el-42  el_after_av_one_half  el_before_av_textblock  flex_column_div  '     ><style type=\"text\/css\" data-created_by=\"avia_inline_auto\" id=\"style-css-av-lo2mafgh-43cd6ec1adfbf8048c29e56636aee248\">\n#top .av_textblock_section.av-lo2mafgh-43cd6ec1adfbf8048c29e56636aee248 .avia_textblock{\nfont-size:16px;\n}\n<\/style>\n<section  class='av_textblock_section av-lo2mafgh-43cd6ec1adfbf8048c29e56636aee248 '   itemscope=\"itemscope\" itemtype=\"https:\/\/schema.org\/CreativeWork\" ><div class='av-small-hide av-mini-hide avia_textblock'  itemprop=\"text\" ><ul>\n<li>Millorar i optimitzar les instal\u00b7lacions i la disponibilitat de les pistes.<\/li>\n<li>Digitalitzar i agilitzar la comunicaci\u00f3 de la Secci\u00f3 de Tennis mitjan\u00e7ant canals propis.<\/li>\n<\/ul>\n<\/div><\/section><\/div>\n\n<style type=\"text\/css\" data-created_by=\"avia_inline_auto\" id=\"style-css-av-lncwpwg6-b19908ad1ebeea474ad17a3993944fd1\">\n#top .av_textblock_section.av-lncwpwg6-b19908ad1ebeea474ad17a3993944fd1 .avia_textblock{\nfont-size:16px;\n}\n<\/style>\n<section  class='av_textblock_section av-lncwpwg6-b19908ad1ebeea474ad17a3993944fd1 '   itemscope=\"itemscope\" itemtype=\"https:\/\/schema.org\/CreativeWork\" ><div class='av-desktop-hide av-medium-hide avia_textblock'  itemprop=\"text\" ><ul>\n<li>Fomentar l&#8217;excel\u00b7l\u00e8ncia a l&#8217;Escola de Tennis i a la mesura de cada alumne.<\/li>\n<li>\n<div><span lang=\"es\">Millorar la disponibilitat de pistes.<\/span><\/div>\n<\/li>\n<li>Impulsar un pla estrat\u00e8gic per als socis m\u00e9s joves de cara a construir la pr\u00f2pia pedrera del Club.<\/li>\n<li>Fomentar la participaci\u00f3 dels socis en els equips de tennis i en els campionats.<\/li>\n<li>Millorar i optimitzar les instal\u00b7lacions i la disponibilitat de les pistes.<\/li>\n<li>Digitalitzar i agilitzar la comunicaci\u00f3 de la Secci\u00f3 de Tennis mitjan\u00e7ant canals propis.<\/li>\n<\/ul>\n<\/div><\/section>\n<div  class='flex_column av-8810-2d2e03fabd746f60b2efe2b21844561f av_one_fourth  avia-builder-el-45  el_after_av_textblock  el_before_av_one_fourth  first flex_column_div  column-top-margin'     ><p>\n<style type=\"text\/css\" data-created_by=\"avia_inline_auto\" id=\"style-css-av-ln4hinti-ee7492bc54f936052c3ef2947c0ff36d\">\n#top #wrap_all .avia-team-member.av-ln4hinti-ee7492bc54f936052c3ef2947c0ff36d .team-member-name{\ncolor:#08468c;\n}\n.avia-team-member.av-ln4hinti-ee7492bc54f936052c3ef2947c0ff36d .team-member-job-title{\ncolor:#e6373b;\n}\n.avia-team-member.av-ln4hinti-ee7492bc54f936052c3ef2947c0ff36d .team-img-container img{\nborder-style:dashed;\n}\n<\/style>\n<section  class='avia-team-member av-ln4hinti-ee7492bc54f936052c3ef2947c0ff36d  avia-builder-el-46  el_before_av_font_icon  avia-builder-el-first '  itemscope=\"itemscope\" itemtype=\"https:\/\/schema.org\/Person\" ><h3 class='team-member-name '  itemprop=\"name\" >Ana Sitjar Soler<\/h3><div class='team-member-job-title av_opacity_variation'  itemprop=\"jobTitle\" >S\u00f2cia 1028<\/div><div class='team-member-description '  itemprop=\"description\" ><p>Llicenciada en ADE<br \/>\nDirectora Executiva \/ Directora Financera a HPE Vacuum S.L.<\/p>\n<\/div><span class='hidden team-member-affiliation'  itemprop=\"affiliation\" >Vamos Polo<\/span><\/section><br \/>\n\n<style type=\"text\/css\" data-created_by=\"avia_inline_auto\" id=\"style-css-av-lo5pcuw2-9d04b0ad88599942c7f991ba9229cd1d\">\n.av_font_icon.av-lo5pcuw2-9d04b0ad88599942c7f991ba9229cd1d{\ncolor:#08468c;\nborder-color:#08468c;\n}\n.av_font_icon.av-lo5pcuw2-9d04b0ad88599942c7f991ba9229cd1d .av-icon-char{\nfont-size:40px;\nline-height:40px;\n}\n<\/style>\n<span  class='av_font_icon av-lo5pcuw2-9d04b0ad88599942c7f991ba9229cd1d avia_animate_when_visible av-icon-style- avia-icon-pos-left avia-icon-animate'><a href='https:\/\/es.linkedin.com\/in\/ana-sitjar-soler-73375a49'   class='av-icon-char' aria-hidden='true' data-av_icon='\ue8fd' data-av_iconfont='entypo-fontello' ><\/a><\/span><\/p><\/div>\n<div  class='flex_column av-5gsi-1b4a06c9e7f084ed6014d3e0a077a92f av_one_fourth  avia-builder-el-48  el_after_av_one_fourth  el_before_av_one_fourth  flex_column_div  column-top-margin'     ><p>\n<style type=\"text\/css\" data-created_by=\"avia_inline_auto\" id=\"style-css-av-ln4hrlj5-35225d4c6a30f3843e7fd752b5bae20b\">\n#top #wrap_all .avia-team-member.av-ln4hrlj5-35225d4c6a30f3843e7fd752b5bae20b .team-member-name{\ncolor:#08468c;\n}\n.avia-team-member.av-ln4hrlj5-35225d4c6a30f3843e7fd752b5bae20b .team-member-job-title{\ncolor:#e6373b;\n}\n<\/style>\n<section  class='avia-team-member av-ln4hrlj5-35225d4c6a30f3843e7fd752b5bae20b  avia-builder-el-49  el_before_av_font_icon  avia-builder-el-first '  itemscope=\"itemscope\" itemtype=\"https:\/\/schema.org\/Person\" ><h3 class='team-member-name '  itemprop=\"name\" >Victor Gen\u00e9 Tolnay<\/h3><div class='team-member-job-title av_opacity_variation'  itemprop=\"jobTitle\" >Soci 1643<\/div><div class='team-member-description '  itemprop=\"description\" ><p>Llicenciat en Dret<br \/>\nHead Data Privacy Director en DSM-Firmenich<\/p>\n<\/div><span class='hidden team-member-affiliation'  itemprop=\"affiliation\" >Vamos Polo<\/span><\/section><br \/>\n\n<style type=\"text\/css\" data-created_by=\"avia_inline_auto\" id=\"style-css-av-lo5pd5nb-b08510987c63b58bcab6c2b55217c829\">\n.av_font_icon.av-lo5pd5nb-b08510987c63b58bcab6c2b55217c829{\ncolor:#08468c;\nborder-color:#08468c;\n}\n.av_font_icon.av-lo5pd5nb-b08510987c63b58bcab6c2b55217c829 .av-icon-char{\nfont-size:40px;\nline-height:40px;\n}\n<\/style>\n<span  class='av_font_icon av-lo5pd5nb-b08510987c63b58bcab6c2b55217c829 avia_animate_when_visible av-icon-style- avia-icon-pos-left avia-icon-animate'><a href='http:\/\/linkedin.com\/in\/victor-gene-tolnay-74b5a217a'   class='av-icon-char' aria-hidden='true' data-av_icon='\ue8fd' data-av_iconfont='entypo-fontello' ><\/a><\/span><\/p><\/div>\n<div  class='flex_column av-94gs-54375ae527e53da69e52111d2eba67b7 av_one_fourth  avia-builder-el-51  el_after_av_one_fourth  el_before_av_one_fourth  flex_column_div  column-top-margin'     ><style type=\"text\/css\" data-created_by=\"avia_inline_auto\" id=\"style-css-av-6s6m-473d13a9ba4c972ba772e854941be777\">\n#top #wrap_all .avia-team-member.av-6s6m-473d13a9ba4c972ba772e854941be777 .team-member-name{\ncolor:#08468c;\n}\n.avia-team-member.av-6s6m-473d13a9ba4c972ba772e854941be777 .team-member-job-title{\ncolor:#e6373b;\n}\n<\/style>\n<section  class='avia-team-member av-6s6m-473d13a9ba4c972ba772e854941be777  avia-builder-el-52  avia-builder-el-no-sibling '  itemscope=\"itemscope\" itemtype=\"https:\/\/schema.org\/Person\" ><h3 class='team-member-name '  itemprop=\"name\" >Laia Grau Lopez<\/h3><div class='team-member-job-title av_opacity_variation'  itemprop=\"jobTitle\" >S\u00f2cia 1461<\/div><div class='team-member-description '  itemprop=\"description\" ><p>Metge especialista en Neurologia<br \/>\nM\u00e0ster en Estad\u00edstica (UAB) i M\u00e0ster en Medicina Pericial (UB)<\/p>\n<\/div><span class='hidden team-member-affiliation'  itemprop=\"affiliation\" >Vamos Polo<\/span><\/section><\/div>\n<div  class='flex_column av-48ge-c75f0fb42eb2ff8a05403adb672187e2 av_one_fourth  avia-builder-el-53  el_after_av_one_fourth  el_before_av_section  avia-builder-el-last  flex_column_div  column-top-margin'     ><p>\n<style type=\"text\/css\" data-created_by=\"avia_inline_auto\" id=\"style-css-av-ln4ht0kc-f06ec73b7945bf56c51562e144a17918\">\n#top #wrap_all .avia-team-member.av-ln4ht0kc-f06ec73b7945bf56c51562e144a17918 .team-member-name{\ncolor:#08468c;\n}\n.avia-team-member.av-ln4ht0kc-f06ec73b7945bf56c51562e144a17918 .team-member-job-title{\ncolor:#e6373b;\n}\n.avia-team-member.av-ln4ht0kc-f06ec73b7945bf56c51562e144a17918 .avia-team-icon{\ncolor:#08468c;\n}\n<\/style>\n<section  class='avia-team-member av-ln4ht0kc-f06ec73b7945bf56c51562e144a17918  avia-builder-el-54  el_before_av_font_icon  avia-builder-el-first '  itemscope=\"itemscope\" itemtype=\"https:\/\/schema.org\/Person\" ><h3 class='team-member-name '  itemprop=\"name\" >Jordi Escofet Oliver<\/h3><div class='team-member-job-title av_opacity_variation'  itemprop=\"jobTitle\" >Soci 4977<\/div><div class='team-member-description '  itemprop=\"description\" ><p>Direcci\u00f3 Administrativa\/Digital<br \/>\nLcat Qu\u00edmica\/Lcat Tecnologia Aliments. Bussiness MBA EADA\/Master ESADE<\/p>\n<\/div><span class='hidden team-member-affiliation'  itemprop=\"affiliation\" >Vamos Polo<\/span><\/section><br \/>\n\n<style type=\"text\/css\" data-created_by=\"avia_inline_auto\" id=\"style-css-av-lo5pdjr3-ef03f4e046f17edb5ec0c9c5f1e599e3\">\n.av_font_icon.av-lo5pdjr3-ef03f4e046f17edb5ec0c9c5f1e599e3{\ncolor:#08468c;\nborder-color:#08468c;\n}\n.av_font_icon.av-lo5pdjr3-ef03f4e046f17edb5ec0c9c5f1e599e3 .av-icon-char{\nfont-size:40px;\nline-height:40px;\n}\n<\/style>\n<span  class='av_font_icon av-lo5pdjr3-ef03f4e046f17edb5ec0c9c5f1e599e3 avia_animate_when_visible av-icon-style- avia-icon-pos-left avia-icon-animate'><a href='https:\/\/www.linkedin.com\/in\/jordi-escofet-oliver-77472115'   class='av-icon-char' aria-hidden='true' data-av_icon='\ue8fd' data-av_iconfont='entypo-fontello' ><\/a><\/span><\/p><\/div>\n<\/div><\/div><\/div><!-- close content main div --><\/div><\/div>\n<style type=\"text\/css\" data-created_by=\"avia_inline_auto\" id=\"style-css-av-40ps-f484db0801f99042784e5deb32d5ef13\">\n.avia-section.av-40ps-f484db0801f99042784e5deb32d5ef13 .av-parallax .av-parallax-inner{\nbackground-repeat:no-repeat;\nbackground-image:url(https:\/\/vamospolo.es\/wp-content\/uploads\/2023\/10\/hockey.jpg);\nbackground-position:50% 0%;\nbackground-attachment:scroll;\n}\n.avia-section.av-40ps-f484db0801f99042784e5deb32d5ef13 .av-section-color-overlay{\nopacity:0.4;\nbackground-color:#08468c;\n}\n<\/style>\n<div id='av_section_13'  class='avia-section av-40ps-f484db0801f99042784e5deb32d5ef13 main_color avia-section-default avia-no-border-styling  avia-builder-el-56  el_after_av_one_fourth  el_before_av_section  av-small-hide av-mini-hide avia-full-stretch av-parallax-section avia-bg-style-parallax av-section-color-overlay-active av-minimum-height av-minimum-height-100 av-height-100  container_wrap sidebar_right'  data-section-bg-repeat='stretch' data-av_minimum_height_pc='100' data-av_min_height_opt='100'><div class='av-parallax' data-avia-parallax-ratio='0.3' ><div class='av-parallax-inner main_color avia-full-stretch'><\/div><\/div><div class=\"av-section-color-overlay-wrap\"><div class=\"av-section-color-overlay\"><\/div><div class='container av-section-cont-open' ><div class='template-page content  av-content-small alpha units'><div class='post-entry post-entry-type-page post-entry-410'><div class='entry-content-wrapper clearfix'>\n<\/div><\/div><\/div><!-- close content main div --><\/div><\/div><\/div>\n<style type=\"text\/css\" data-created_by=\"avia_inline_auto\" id=\"style-css-av-lnbihwmz-7bd4ea063b4dc6fda49d2a3525add54c\">\n.avia-section.av-lnbihwmz-7bd4ea063b4dc6fda49d2a3525add54c{\nbackground-repeat:no-repeat;\nbackground-image:url(https:\/\/vamospolo.es\/wp-content\/uploads\/2023\/10\/BANNER-HOQUEI.jpg);\nbackground-position:0% 0%;\nbackground-attachment:scroll;\n}\n<\/style>\n<div id='hockeycat'  class='avia-section av-lnbihwmz-7bd4ea063b4dc6fda49d2a3525add54c main_color avia-section-default avia-no-border-styling  avia-builder-el-57  el_after_av_section  el_before_av_section  av-small-hide av-mini-hide avia-full-stretch avia-bg-style-scroll av-minimum-height av-minimum-height-75 av-height-75  container_wrap sidebar_right'  data-section-bg-repeat='stretch' data-av_minimum_height_pc='75' data-av_min_height_opt='75'><div class='container av-section-cont-open' ><div class='template-page content  av-content-small alpha units'><div class='post-entry post-entry-type-page post-entry-410'><div class='entry-content-wrapper clearfix'>\n<\/div><\/div><\/div><!-- close content main div --><\/div><\/div>\n<style type=\"text\/css\" data-created_by=\"avia_inline_auto\" id=\"style-css-av-lncvpkkt-a0e27f3de3f914d06fad09272459b63d\">\n.avia-section.av-lncvpkkt-a0e27f3de3f914d06fad09272459b63d{\nbackground-repeat:no-repeat;\nbackground-image:url(https:\/\/vamospolo.es\/wp-content\/uploads\/2023\/10\/BANNER-HOQUEI-1.jpg);\nbackground-position:0% 0%;\nbackground-attachment:scroll;\n}\n<\/style>\n<div id='hockeymobcat'  class='avia-section av-lncvpkkt-a0e27f3de3f914d06fad09272459b63d main_color avia-section-default avia-no-border-styling  avia-builder-el-58  el_after_av_section  el_before_av_textblock  av-desktop-hide av-medium-hide avia-full-stretch avia-bg-style-scroll av-minimum-height av-minimum-height-99vw av-height-percent_width  container_wrap sidebar_right'  data-section-bg-repeat='stretch' data-av_minimum_height_pc='99' data-av_min_height_opt='percent_width'><div class='container av-section-cont-open' ><div class='template-page content  av-content-small alpha units'><div class='post-entry post-entry-type-page post-entry-410'><div class='entry-content-wrapper clearfix'><\/div><\/div><\/div><!-- close content main div --><\/div><\/div><div id='after_section_15'  class='main_color av_default_container_wrap container_wrap sidebar_right'  ><div class='container av-section-cont-open' ><div class='template-page content  av-content-small alpha units'><div class='post-entry post-entry-type-page post-entry-410'><div class='entry-content-wrapper clearfix'>\n\n<style type=\"text\/css\" data-created_by=\"avia_inline_auto\" id=\"style-css-av-3yqy-dbf0c8796a0d5c92f890fdb4b01095c6\">\n#top .av_textblock_section.av-3yqy-dbf0c8796a0d5c92f890fdb4b01095c6 .avia_textblock{\nfont-size:16px;\ncolumn-count:2;\n}\n<\/style>\n<section  class='av_textblock_section av-3yqy-dbf0c8796a0d5c92f890fdb4b01095c6 '   itemscope=\"itemscope\" itemtype=\"https:\/\/schema.org\/CreativeWork\" ><div class='av-small-hide av-mini-hide avia_textblock av_multi_colums'  itemprop=\"text\" ><ul>\n<li>Professionalitzar la gesti\u00f3 esportiva d&#8217;Hoquei amb la incorporaci\u00f3 d&#8217;un Director T\u00e8cnic que supervisi les l\u00ednies competitives i formatives.<\/li>\n<li>Promoure una Escola d&#8217;Hoquei formativa en valors, esport i competitivitat.<\/li>\n<li>Prioritzar als jugadors\/as de la pedrera del Club per a jugar en equips de competici\u00f3 mascul\u00ed i femen\u00ed.<\/li>\n<li>Gestionar els equips socials d&#8217;Hoquei del Club amb l&#8217;objectiu de mantenir l&#8217;ambient social sense perdre l&#8217;excel\u00b7l\u00e8ncia en la competici\u00f3.<\/li>\n<li>Optimitzar la gesti\u00f3 econ\u00f2mica de la secci\u00f3.<\/li>\n<li>Millorar la relaci\u00f3 amb Federacions i clubs d&#8217;Espanya i Europa per a situar al Club en l&#8217;elit esportiva de l&#8217;Hoquei.<\/li>\n<li>\n<div><span lang=\"es\">Crear un vincle bidireccional entre l&#8217;escola i els equips de competici\u00f3 amb la creaci\u00f3 d&#8217;una Graderia Jove i la participaci\u00f3 activa a l&#8217;escola dels jugadors dels equips de competici\u00f3.<\/span><\/div>\n<\/li>\n<\/ul>\n<\/div><\/section>\n\n<style type=\"text\/css\" data-created_by=\"avia_inline_auto\" id=\"style-css-av-lncwsbsy-71059e2a12dd5fdb4ad26a604b2837ba\">\n#top .av_textblock_section.av-lncwsbsy-71059e2a12dd5fdb4ad26a604b2837ba .avia_textblock{\nfont-size:16px;\n}\n<\/style>\n<section  class='av_textblock_section av-lncwsbsy-71059e2a12dd5fdb4ad26a604b2837ba '   itemscope=\"itemscope\" itemtype=\"https:\/\/schema.org\/CreativeWork\" ><div class='av-desktop-hide av-medium-hide avia_textblock'  itemprop=\"text\" ><ul>\n<li>Professionalitzar la gesti\u00f3 esportiva d&#8217;Hoquei amb la incorporaci\u00f3 d&#8217;un Director T\u00e8cnic que supervisi les l\u00ednies competitives i formatives.<\/li>\n<li>Promoure una Escola d&#8217;Hoquei formativa en valors, esport i competitivitat.<\/li>\n<li>Prioritzar als jugadors\/as de la pedrera del Club per a jugar en equips de competici\u00f3 mascul\u00ed i femen\u00ed.<\/li>\n<li>Gestionar els equips socials d&#8217;Hoquei del Club amb l&#8217;objectiu de mantenir l&#8217;ambient social sense perdre l&#8217;excel\u00b7l\u00e8ncia en la competici\u00f3.<\/li>\n<li>Optimitzar la gesti\u00f3 econ\u00f2mica de la secci\u00f3.<\/li>\n<li>Millorar la relaci\u00f3 amb Federacions i clubs d&#8217;Espanya i Europa per a situar al Club en l&#8217;elit esportiva de l&#8217;Hoquei.<\/li>\n<li>\n<div><span lang=\"es\">Crear un vincle bidireccional entre l&#8217;escola i els equips de competici\u00f3 amb la creaci\u00f3 d&#8217;una Graderia Jove i la participaci\u00f3 activa a l&#8217;escola dels jugadors dels equips de competici\u00f3.<\/span><\/div>\n<\/li>\n<\/ul>\n<\/div><\/section>\n<div  class='flex_column av-2nwa-2de13405ede27c909148b7f73938ba9f av_one_fourth  avia-builder-el-61  el_after_av_textblock  el_before_av_one_fourth  first flex_column_div  column-top-margin'     ><p>\n<style type=\"text\/css\" data-created_by=\"avia_inline_auto\" id=\"style-css-av-lnbj8sr5-0f6958f1807b7dafedddab60e657e26b\">\n#top #wrap_all .avia-team-member.av-lnbj8sr5-0f6958f1807b7dafedddab60e657e26b .team-member-name{\ncolor:#08468c;\n}\n.avia-team-member.av-lnbj8sr5-0f6958f1807b7dafedddab60e657e26b .team-member-job-title{\ncolor:#e6373b;\n}\n.avia-team-member.av-lnbj8sr5-0f6958f1807b7dafedddab60e657e26b .avia-team-icon{\ncolor:#08468c;\n}\n<\/style>\n<section  class='avia-team-member av-lnbj8sr5-0f6958f1807b7dafedddab60e657e26b  avia-builder-el-62  el_before_av_font_icon  avia-builder-el-first '  itemscope=\"itemscope\" itemtype=\"https:\/\/schema.org\/Person\" ><h3 class='team-member-name '  itemprop=\"name\" >Carlos \u00c1vila Gonz\u00e1lez<\/h3><div class='team-member-job-title av_opacity_variation'  itemprop=\"jobTitle\" >Soci: 8085<\/div><div class='team-member-description '  itemprop=\"description\" ><p>Subway Espa\u00f1a - Soci i Director d\u2019operacions<br \/>\nUNO by Real Madrid - Soci i Director d\u2019operacions<\/p>\n<\/div><span class='hidden team-member-affiliation'  itemprop=\"affiliation\" >Vamos Polo<\/span><\/section><br \/>\n\n<style type=\"text\/css\" data-created_by=\"avia_inline_auto\" id=\"style-css-av-lo5pebjt-25f2351c1ddf17ba3ae5cd5668ecb4a4\">\n.av_font_icon.av-lo5pebjt-25f2351c1ddf17ba3ae5cd5668ecb4a4{\ncolor:#08468c;\nborder-color:#08468c;\n}\n.av_font_icon.av-lo5pebjt-25f2351c1ddf17ba3ae5cd5668ecb4a4 .av-icon-char{\nfont-size:40px;\nline-height:40px;\n}\n<\/style>\n<span  class='av_font_icon av-lo5pebjt-25f2351c1ddf17ba3ae5cd5668ecb4a4 avia_animate_when_visible av-icon-style- avia-icon-pos-left avia-icon-animate'><a href='https:\/\/www.linkedin.com\/in\/carlosavilagonzalez-franquicia'   class='av-icon-char' aria-hidden='true' data-av_icon='\ue8fd' data-av_iconfont='entypo-fontello' ><\/a><\/span><\/p><\/div>\n<div  class='flex_column av-9pje-a8c2c323abe73bf723e2e2fc46a3f92d av_one_fourth  avia-builder-el-64  el_after_av_one_fourth  el_before_av_one_fourth  flex_column_div  column-top-margin'     ><p>\n<style type=\"text\/css\" data-created_by=\"avia_inline_auto\" id=\"style-css-av-lnbj5c9t-5b9bddaba4f211f11be71e2b2d16aa60\">\n#top #wrap_all .avia-team-member.av-lnbj5c9t-5b9bddaba4f211f11be71e2b2d16aa60 .team-member-name{\ncolor:#08468c;\n}\n.avia-team-member.av-lnbj5c9t-5b9bddaba4f211f11be71e2b2d16aa60 .team-member-job-title{\ncolor:#e6373b;\n}\n.avia-team-member.av-lnbj5c9t-5b9bddaba4f211f11be71e2b2d16aa60 .avia-team-icon{\ncolor:#08468c;\n}\n<\/style>\n<section  class='avia-team-member av-lnbj5c9t-5b9bddaba4f211f11be71e2b2d16aa60  avia-builder-el-65  el_before_av_font_icon  avia-builder-el-first '  itemscope=\"itemscope\" itemtype=\"https:\/\/schema.org\/Person\" ><h3 class='team-member-name '  itemprop=\"name\" >Kike Baixas Nogueras<\/h3><div class='team-member-job-title av_opacity_variation'  itemprop=\"jobTitle\" >Soci: 2255<\/div><div class='team-member-description '  itemprop=\"description\" ><p>AUDITFORENSE &amp; Restructuring - Soci fundador<\/p>\n<\/div><span class='hidden team-member-affiliation'  itemprop=\"affiliation\" >Vamos Polo<\/span><\/section><br \/>\n\n<style type=\"text\/css\" data-created_by=\"avia_inline_auto\" id=\"style-css-av-lo5pepro-ce0e42cc3aa554586534a2e163a3c042\">\n.av_font_icon.av-lo5pepro-ce0e42cc3aa554586534a2e163a3c042{\ncolor:#08468c;\nborder-color:#08468c;\n}\n.av_font_icon.av-lo5pepro-ce0e42cc3aa554586534a2e163a3c042 .av-icon-char{\nfont-size:40px;\nline-height:40px;\n}\n<\/style>\n<span  class='av_font_icon av-lo5pepro-ce0e42cc3aa554586534a2e163a3c042 avia_animate_when_visible av-icon-style- avia-icon-pos-left avia-icon-animate'><a href='http:\/\/linkedin.com\/in\/enricbaixas'   class='av-icon-char' aria-hidden='true' data-av_icon='\ue8fd' data-av_iconfont='entypo-fontello' ><\/a><\/span><\/p><\/div>\n<div  class='flex_column av-6rta-190bd80a71097e5d6f09d500eb8499a8 av_one_fourth  avia-builder-el-67  el_after_av_one_fourth  el_before_av_one_fourth  flex_column_div  column-top-margin'     ><p>\n<style type=\"text\/css\" data-created_by=\"avia_inline_auto\" id=\"style-css-av-lnbj6icf-336c94890af81a7a161a9272a994dd21\">\n#top #wrap_all .avia-team-member.av-lnbj6icf-336c94890af81a7a161a9272a994dd21 .team-member-name{\ncolor:#08468c;\n}\n.avia-team-member.av-lnbj6icf-336c94890af81a7a161a9272a994dd21 .team-member-job-title{\ncolor:#e6373b;\n}\n.avia-team-member.av-lnbj6icf-336c94890af81a7a161a9272a994dd21 .avia-team-icon{\ncolor:#08468c;\n}\n<\/style>\n<section  class='avia-team-member av-lnbj6icf-336c94890af81a7a161a9272a994dd21  avia-builder-el-68  el_before_av_font_icon  avia-builder-el-first '  itemscope=\"itemscope\" itemtype=\"https:\/\/schema.org\/Person\" ><h3 class='team-member-name '  itemprop=\"name\" >Albert Gimenez Calvo<\/h3><div class='team-member-job-title av_opacity_variation'  itemprop=\"jobTitle\" >Soci: 2297<\/div><div class='team-member-description '  itemprop=\"description\" ><p>Assessor Financer, Agent exclusiu de Banco Mediolanum<\/p>\n<\/div><span class='hidden team-member-affiliation'  itemprop=\"affiliation\" >Vamos Polo<\/span><\/section><br \/>\n\n<style type=\"text\/css\" data-created_by=\"avia_inline_auto\" id=\"style-css-av-lo5pf1zd-aaee5ea6e24f4c584b988af7d668e08d\">\n.av_font_icon.av-lo5pf1zd-aaee5ea6e24f4c584b988af7d668e08d{\ncolor:#08468c;\nborder-color:#08468c;\n}\n.av_font_icon.av-lo5pf1zd-aaee5ea6e24f4c584b988af7d668e08d .av-icon-char{\nfont-size:40px;\nline-height:40px;\n}\n<\/style>\n<span  class='av_font_icon av-lo5pf1zd-aaee5ea6e24f4c584b988af7d668e08d avia_animate_when_visible av-icon-style- avia-icon-pos-left avia-icon-animate'><a href='https:\/\/es.linkedin.com\/in\/albert-gim\u00e9nez-calvo-57b63112a'   class='av-icon-char' aria-hidden='true' data-av_icon='\ue8fd' data-av_iconfont='entypo-fontello' ><\/a><\/span><\/p><\/div>\n<div  class='flex_column av-6boq-78ed75e459096ab0de478e7cfd2d2fb9 av_one_fourth  avia-builder-el-70  el_after_av_one_fourth  el_before_av_section  avia-builder-el-last  flex_column_div  column-top-margin'     ><p>\n<style type=\"text\/css\" data-created_by=\"avia_inline_auto\" id=\"style-css-av-lnbj7lk6-35c398218111f79eb7a0ea0d6ee4ddcc\">\n#top #wrap_all .avia-team-member.av-lnbj7lk6-35c398218111f79eb7a0ea0d6ee4ddcc .team-member-name{\ncolor:#08468c;\n}\n.avia-team-member.av-lnbj7lk6-35c398218111f79eb7a0ea0d6ee4ddcc .team-member-job-title{\ncolor:#e6373b;\n}\n.avia-team-member.av-lnbj7lk6-35c398218111f79eb7a0ea0d6ee4ddcc .avia-team-icon{\ncolor:#08468c;\n}\n<\/style>\n<section  class='avia-team-member av-lnbj7lk6-35c398218111f79eb7a0ea0d6ee4ddcc  avia-builder-el-71  el_before_av_font_icon  avia-builder-el-first '  itemscope=\"itemscope\" itemtype=\"https:\/\/schema.org\/Person\" ><h3 class='team-member-name '  itemprop=\"name\" >Emma Valenzuela Morraja<\/h3><div class='team-member-job-title av_opacity_variation'  itemprop=\"jobTitle\" >S\u00f2cia: 8236<\/div><div class='team-member-description '  itemprop=\"description\" ><p>CTE ID WASTE SL i s\u00f2cia de SPORA<br \/>\nConsultoria i Comunicaci\u00f3 i ID WASTE SL<\/p>\n<\/div><span class='hidden team-member-affiliation'  itemprop=\"affiliation\" >Vamos Polo<\/span><\/section><br \/>\n\n<style type=\"text\/css\" data-created_by=\"avia_inline_auto\" id=\"style-css-av-lo5pfhmt-7d58ed149c9834a310daf572a20a80d5\">\n.av_font_icon.av-lo5pfhmt-7d58ed149c9834a310daf572a20a80d5{\ncolor:#08468c;\nborder-color:#08468c;\n}\n.av_font_icon.av-lo5pfhmt-7d58ed149c9834a310daf572a20a80d5 .av-icon-char{\nfont-size:40px;\nline-height:40px;\n}\n<\/style>\n<span  class='av_font_icon av-lo5pfhmt-7d58ed149c9834a310daf572a20a80d5 avia_animate_when_visible av-icon-style- avia-icon-pos-left avia-icon-animate'><a href='https:\/\/www.linkedin.com\/in\/emma-valenzuela-26709a16\/'   class='av-icon-char' aria-hidden='true' data-av_icon='\ue8fd' data-av_iconfont='entypo-fontello' ><\/a><\/span><\/p><\/div>\n<\/div><\/div><\/div><!-- close content main div --><\/div><\/div>\n<style type=\"text\/css\" data-created_by=\"avia_inline_auto\" id=\"style-css-av-ln4jxeac-bd0cd9b7c11f5053a1b50370214f03c3\">\n.avia-section.av-ln4jxeac-bd0cd9b7c11f5053a1b50370214f03c3 .av-parallax .av-parallax-inner{\nbackground-repeat:no-repeat;\nbackground-image:url(https:\/\/vamospolo.es\/wp-content\/uploads\/2023\/10\/pade.jpg);\nbackground-position:0% 0%;\nbackground-attachment:scroll;\n}\n.avia-section.av-ln4jxeac-bd0cd9b7c11f5053a1b50370214f03c3 .av-section-color-overlay{\nopacity:0.4;\nbackground-color:#08468c;\n}\n<\/style>\n<div id='av_section_16'  class='avia-section av-ln4jxeac-bd0cd9b7c11f5053a1b50370214f03c3 main_color avia-section-default avia-no-border-styling  avia-builder-el-73  el_after_av_one_fourth  el_before_av_section  av-small-hide av-mini-hide av-parallax-section avia-bg-style-parallax av-section-color-overlay-active av-minimum-height av-minimum-height-100 av-height-100  container_wrap sidebar_right'  data-section-bg-repeat='no-repeat' data-av_minimum_height_pc='100' data-av_min_height_opt='100'><div class='av-parallax' data-avia-parallax-ratio='0.3' ><div class='av-parallax-inner main_color avia-full-stretch'><\/div><\/div><div class=\"av-section-color-overlay-wrap\"><div class=\"av-section-color-overlay\"><\/div><div class='container av-section-cont-open' ><div class='template-page content  av-content-small alpha units'><div class='post-entry post-entry-type-page post-entry-410'><div class='entry-content-wrapper clearfix'>\n<\/div><\/div><\/div><!-- close content main div --><\/div><\/div><\/div>\n<style type=\"text\/css\" data-created_by=\"avia_inline_auto\" id=\"style-css-av-17o-94b82476da4552b905ac546117c4c167\">\n.avia-section.av-17o-94b82476da4552b905ac546117c4c167{\nbackground-repeat:no-repeat;\nbackground-image:url(https:\/\/vamospolo.es\/wp-content\/uploads\/2023\/10\/PADEL-BANNER.jpg);\nbackground-position:0% 0%;\nbackground-attachment:scroll;\n}\n<\/style>\n<div id='padelcat'  class='avia-section av-17o-94b82476da4552b905ac546117c4c167 main_color avia-section-default avia-no-border-styling  avia-builder-el-74  el_after_av_section  el_before_av_section  av-small-hide av-mini-hide avia-full-stretch avia-bg-style-scroll av-minimum-height av-minimum-height-75 av-height-75  container_wrap sidebar_right'  data-section-bg-repeat='stretch' data-av_minimum_height_pc='75' data-av_min_height_opt='75'><div class='container av-section-cont-open' ><div class='template-page content  av-content-small alpha units'><div class='post-entry post-entry-type-page post-entry-410'><div class='entry-content-wrapper clearfix'>\n<\/div><\/div><\/div><!-- close content main div --><\/div><\/div>\n<style type=\"text\/css\" data-created_by=\"avia_inline_auto\" id=\"style-css-av-lncvkxq4-9272a168207186e68139242d60b65e30\">\n.avia-section.av-lncvkxq4-9272a168207186e68139242d60b65e30{\nbackground-repeat:no-repeat;\nbackground-image:url(https:\/\/vamospolo.es\/wp-content\/uploads\/2023\/10\/Banner_PADEL_1080x1080-1.jpg);\nbackground-position:0% 0%;\nbackground-attachment:scroll;\n}\n<\/style>\n<div id='padelmobcat'  class='avia-section av-lncvkxq4-9272a168207186e68139242d60b65e30 main_color avia-section-default avia-no-border-styling  avia-builder-el-75  el_after_av_section  el_before_av_one_half  av-desktop-hide av-medium-hide avia-full-stretch avia-bg-style-scroll av-minimum-height av-minimum-height-99vw av-height-percent_width  container_wrap sidebar_right'  data-section-bg-repeat='stretch' data-av_minimum_height_pc='99' data-av_min_height_opt='percent_width'><div class='container av-section-cont-open' ><div class='template-page content  av-content-small alpha units'><div class='post-entry post-entry-type-page post-entry-410'><div class='entry-content-wrapper clearfix'><\/div><\/div><\/div><!-- close content main div --><\/div><\/div><div id='after_section_18'  class='main_color av_default_container_wrap container_wrap sidebar_right'  ><div class='container av-section-cont-open' ><div class='template-page content  av-content-small alpha units'><div class='post-entry post-entry-type-page post-entry-410'><div class='entry-content-wrapper clearfix'>\n<div  class='flex_column av-av_one_half-692a56cb27b4036f41891925b87c1c70 av_one_half  avia-builder-el-76  el_after_av_section  el_before_av_one_half  avia-builder-el-first  first flex_column_div  '     ><style type=\"text\/css\" data-created_by=\"avia_inline_auto\" id=\"style-css-av-ln4g19tc-e06e70286e94755a03e8dc4ed01f17f9\">\n#top .av_textblock_section.av-ln4g19tc-e06e70286e94755a03e8dc4ed01f17f9 .avia_textblock{\nfont-size:16px;\n}\n<\/style>\n<section  class='av_textblock_section av-ln4g19tc-e06e70286e94755a03e8dc4ed01f17f9 '   itemscope=\"itemscope\" itemtype=\"https:\/\/schema.org\/CreativeWork\" ><div class='av-small-hide av-mini-hide avia_textblock'  itemprop=\"text\" ><ul>\n<li>Millorar l&#8217;experi\u00e8ncia del soci jugador de p\u00e0del del Club.<\/li>\n<li>redimensionar el pressupost de la secci\u00f3 i adequar-lo a la realitat que el p\u00e0del representa en el nostre club.<\/li>\n<li>Reduir les esperes per a obtenir pista, ampliant el nombre de pistes disponibles i oferint al soci alternatives per a jugar fora de les hores punta.<\/li>\n<\/ul>\n<\/div><\/section><\/div>\n<div  class='flex_column av-av_one_half-7bd3f5cd863a6256abcb544d7c276d96 av_one_half  avia-builder-el-78  el_after_av_one_half  el_before_av_textblock  flex_column_div  '     ><style type=\"text\/css\" data-created_by=\"avia_inline_auto\" id=\"style-css-av-lo2mf0kx-7d031be26584f272846a7dc1a3d0887d\">\n#top .av_textblock_section.av-lo2mf0kx-7d031be26584f272846a7dc1a3d0887d .avia_textblock{\nfont-size:16px;\n}\n<\/style>\n<section  class='av_textblock_section av-lo2mf0kx-7d031be26584f272846a7dc1a3d0887d '   itemscope=\"itemscope\" itemtype=\"https:\/\/schema.org\/CreativeWork\" ><div class='av-small-hide av-mini-hide avia_textblock'  itemprop=\"text\" ><ul>\n<li>Reformular l&#8217;escola de P\u00e0del del Club, tant social com de competici\u00f3, per a aconseguir la m\u00e0xima efici\u00e8ncia en els resultats i en els horaris d&#8217;utilitzaci\u00f3 de les instal\u00b7lacions.<\/li>\n<li>Redissenyar els esdeveniments de p\u00e0del en els quals els socis puguin participar, oferint tornejos per a jugar-los i implementant alg\u00fan esdeveniment de p\u00e0del de refer\u00e8ncia obert tant als socis com a tota la ciutat de Barcelona.<\/li>\n<li>Redissenyar els equips del Club potenciant la participaci\u00f3 dels socis i reduint el cost dels fitxatges.<\/li>\n<\/ul>\n<\/div><\/section><\/div>\n\n<style type=\"text\/css\" data-created_by=\"avia_inline_auto\" id=\"style-css-av-lncwp198-867b3ac23a30bae41dc6f886341d975a\">\n#top .av_textblock_section.av-lncwp198-867b3ac23a30bae41dc6f886341d975a .avia_textblock{\nfont-size:16px;\n}\n<\/style>\n<section  class='av_textblock_section av-lncwp198-867b3ac23a30bae41dc6f886341d975a '   itemscope=\"itemscope\" itemtype=\"https:\/\/schema.org\/CreativeWork\" ><div class='av-desktop-hide av-medium-hide avia_textblock'  itemprop=\"text\" ><ul>\n<li>Millorar l&#8217;experi\u00e8ncia del soci jugador de p\u00e0del del Club.<\/li>\n<li>redimensionar el pressupost de la secci\u00f3 i adequar-lo a la realitat que el p\u00e0del representa en el nostre club.<\/li>\n<li>Reduir les esperes per a obtenir pista, ampliant el nombre de pistes disponibles i oferint al soci alternatives per a jugar fora de les hores punta.<\/li>\n<li>Reformular l&#8217;escola de P\u00e0del del Club, tant social com de competici\u00f3, per a aconseguir la m\u00e0xima efici\u00e8ncia en els resultats i en els horaris d&#8217;utilitzaci\u00f3 de les instal\u00b7lacions.<\/li>\n<li>Redissenyar els esdeveniments de p\u00e0del en els quals els socis puguin participar, oferint tornejos per a jugar-los i implementant alg\u00fan esdeveniment de p\u00e0del de refer\u00e8ncia obert tant als socis com a tota la ciutat de Barcelona.<\/li>\n<li>Redissenyar els equips del Club potenciant la participaci\u00f3 dels socis i reduint el cost dels fitxatges.<\/li>\n<\/ul>\n<\/div><\/section>\n<div  class='flex_column av-cda2-5b37c9ebbffb6052a6ca2a5ca5d928d8 av_one_fourth  avia-builder-el-81  el_after_av_textblock  el_before_av_one_fourth  first flex_column_div  column-top-margin'     ><p>\n<style type=\"text\/css\" data-created_by=\"avia_inline_auto\" id=\"style-css-av-lnyhln80-73fccd6fae1f79dfc2ee7ac5fa25ddd9\">\n#top #wrap_all .avia-team-member.av-lnyhln80-73fccd6fae1f79dfc2ee7ac5fa25ddd9 .team-member-name{\ncolor:#08468c;\n}\n.avia-team-member.av-lnyhln80-73fccd6fae1f79dfc2ee7ac5fa25ddd9 .team-member-job-title{\ncolor:#e6373b;\n}\n.avia-team-member.av-lnyhln80-73fccd6fae1f79dfc2ee7ac5fa25ddd9 .avia-team-icon{\ncolor:#08468c;\n}\n<\/style>\n<section  class='avia-team-member av-lnyhln80-73fccd6fae1f79dfc2ee7ac5fa25ddd9  avia-builder-el-82  el_before_av_font_icon  avia-builder-el-first '  itemscope=\"itemscope\" itemtype=\"https:\/\/schema.org\/Person\" ><h3 class='team-member-name '  itemprop=\"name\" >Olga Donadeu Pastor<\/h3><div class='team-member-job-title av_opacity_variation'  itemprop=\"jobTitle\" >S\u00f2cia 2223<\/div><div class='team-member-description '  itemprop=\"description\" ><p>Llicenciada en Psicologia<br \/>\nRRHH Fundaci\u00f3 Museu Picasso<\/p>\n<\/div><span class='hidden team-member-affiliation'  itemprop=\"affiliation\" >Vamos Polo<\/span><\/section><br \/>\n\n<style type=\"text\/css\" data-created_by=\"avia_inline_auto\" id=\"style-css-av-lo5pgc5b-d9b3411317ed7188f286f4bb02f8fa50\">\n.av_font_icon.av-lo5pgc5b-d9b3411317ed7188f286f4bb02f8fa50{\ncolor:#08468c;\nborder-color:#08468c;\n}\n.av_font_icon.av-lo5pgc5b-d9b3411317ed7188f286f4bb02f8fa50 .av-icon-char{\nfont-size:40px;\nline-height:40px;\n}\n<\/style>\n<span  class='av_font_icon av-lo5pgc5b-d9b3411317ed7188f286f4bb02f8fa50 avia_animate_when_visible av-icon-style- avia-icon-pos-left avia-icon-animate'><a href='https:\/\/es.linkedin.com\/in\/olga-donadeu-pastor-05b93084'   class='av-icon-char' aria-hidden='true' data-av_icon='\ue8fd' data-av_iconfont='entypo-fontello' ><\/a><\/span><\/p><\/div>\n<div  class='flex_column av-ajgc-934388bc50a548baefa32a4e096ddace av_one_fourth  avia-builder-el-84  el_after_av_one_fourth  el_before_av_one_fourth  flex_column_div  column-top-margin'     ><style type=\"text\/css\" data-created_by=\"avia_inline_auto\" id=\"style-css-av-lnyhmbon-69dabb8bec0a96a78d87774d81c69496\">\n#top #wrap_all .avia-team-member.av-lnyhmbon-69dabb8bec0a96a78d87774d81c69496 .team-member-name{\ncolor:#08468c;\n}\n.avia-team-member.av-lnyhmbon-69dabb8bec0a96a78d87774d81c69496 .team-member-job-title{\ncolor:#e6373b;\n}\n.avia-team-member.av-lnyhmbon-69dabb8bec0a96a78d87774d81c69496 .avia-team-icon{\ncolor:#08468c;\n}\n<\/style>\n<section  class='avia-team-member av-lnyhmbon-69dabb8bec0a96a78d87774d81c69496  avia-builder-el-85  avia-builder-el-no-sibling '  itemscope=\"itemscope\" itemtype=\"https:\/\/schema.org\/Person\" ><h3 class='team-member-name '  itemprop=\"name\" >Ricardo Balasch Torres<\/h3><div class='team-member-job-title av_opacity_variation'  itemprop=\"jobTitle\" >Soci 4928<\/div><div class='team-member-description '  itemprop=\"description\" ><p>Llicenciat en Dret<br \/>\nCEO Laboratorios KIN<\/p>\n<\/div><span class='hidden team-member-affiliation'  itemprop=\"affiliation\" >Vamos Polo<\/span><\/section><\/div>\n<div  class='flex_column av-6wdq-b12586cabc3c6ab091082bb72c08fc38 av_one_fourth  avia-builder-el-86  el_after_av_one_fourth  el_before_av_one_fourth  flex_column_div  column-top-margin'     ><style type=\"text\/css\" data-created_by=\"avia_inline_auto\" id=\"style-css-av-lnyhn4ws-5470dc2e6d303fef3b2da3d6e4bc2c4c\">\n#top #wrap_all .avia-team-member.av-lnyhn4ws-5470dc2e6d303fef3b2da3d6e4bc2c4c .team-member-name{\ncolor:#08468c;\n}\n.avia-team-member.av-lnyhn4ws-5470dc2e6d303fef3b2da3d6e4bc2c4c .team-member-job-title{\ncolor:#e6373b;\n}\n.avia-team-member.av-lnyhn4ws-5470dc2e6d303fef3b2da3d6e4bc2c4c .avia-team-icon{\ncolor:#08468c;\n}\n<\/style>\n<section  class='avia-team-member av-lnyhn4ws-5470dc2e6d303fef3b2da3d6e4bc2c4c  avia-builder-el-87  avia-builder-el-no-sibling '  itemscope=\"itemscope\" itemtype=\"https:\/\/schema.org\/Person\" ><h3 class='team-member-name '  itemprop=\"name\" >Elena Casanovas Colomer<\/h3><div class='team-member-job-title av_opacity_variation'  itemprop=\"jobTitle\" >S\u00f2cia 4229<\/div><div class='team-member-description '  itemprop=\"description\" ><p>Diplomada en Ci\u00e8ncies Empresarials<br \/>\nEmpres\u00e0ria<\/p>\n<\/div><span class='hidden team-member-affiliation'  itemprop=\"affiliation\" >Vamos Polo<\/span><\/section><\/div>\n<div  class='flex_column av-5scc-15d7c58a1a1abf88aa57f52b9c146514 av_one_fourth  avia-builder-el-88  el_after_av_one_fourth  el_before_av_section  avia-builder-el-last  flex_column_div  column-top-margin'     ><p>\n<style type=\"text\/css\" data-created_by=\"avia_inline_auto\" id=\"style-css-av-lnyhnshs-5970dc39f243757549809889ddf68190\">\n#top #wrap_all .avia-team-member.av-lnyhnshs-5970dc39f243757549809889ddf68190 .team-member-name{\ncolor:#08468c;\n}\n.avia-team-member.av-lnyhnshs-5970dc39f243757549809889ddf68190 .team-member-job-title{\ncolor:#e6373b;\n}\n.avia-team-member.av-lnyhnshs-5970dc39f243757549809889ddf68190 .avia-team-icon{\ncolor:#08468c;\n}\n<\/style>\n<section  class='avia-team-member av-lnyhnshs-5970dc39f243757549809889ddf68190  avia-builder-el-89  el_before_av_font_icon  avia-builder-el-first '  itemscope=\"itemscope\" itemtype=\"https:\/\/schema.org\/Person\" ><h3 class='team-member-name '  itemprop=\"name\" >\u00d3scar Sanclimens Armengou<\/h3><div class='team-member-job-title av_opacity_variation'  itemprop=\"jobTitle\" >Soci 2237<\/div><div class='team-member-description '  itemprop=\"description\" ><p>Llicenciat en Dret<br \/>\nSoci Director Eventing4U<\/p>\n<\/div><span class='hidden team-member-affiliation'  itemprop=\"affiliation\" >Vamos Polo<\/span><\/section><br \/>\n\n<style type=\"text\/css\" data-created_by=\"avia_inline_auto\" id=\"style-css-av-lo5ph31g-3b73f79017ae412434704c6619d02e42\">\n.av_font_icon.av-lo5ph31g-3b73f79017ae412434704c6619d02e42{\ncolor:#08468c;\nborder-color:#08468c;\n}\n.av_font_icon.av-lo5ph31g-3b73f79017ae412434704c6619d02e42 .av-icon-char{\nfont-size:40px;\nline-height:40px;\n}\n<\/style>\n<span  class='av_font_icon av-lo5ph31g-3b73f79017ae412434704c6619d02e42 avia_animate_when_visible av-icon-style- avia-icon-pos-left avia-icon-animate'><a href='https:\/\/www.linkedin.com\/in\/oscar-sanclimens-bb6bb29\/'   class='av-icon-char' aria-hidden='true' data-av_icon='\ue8fd' data-av_iconfont='entypo-fontello' ><\/a><\/span><\/p><\/div>\n<\/div><\/div><\/div><!-- close content main div --><\/div><\/div>\n<style type=\"text\/css\" data-created_by=\"avia_inline_auto\" id=\"style-css-av-lnbgctl6-3affcde68b5f41effb8e343a5445eff5\">\n.avia-section.av-lnbgctl6-3affcde68b5f41effb8e343a5445eff5 .av-parallax .av-parallax-inner{\nbackground-repeat:no-repeat;\nbackground-image:url(https:\/\/vamospolo.es\/wp-content\/uploads\/2023\/10\/hipica.jpg);\nbackground-position:50% 0%;\nbackground-attachment:scroll;\n}\n.avia-section.av-lnbgctl6-3affcde68b5f41effb8e343a5445eff5 .av-section-color-overlay{\nopacity:0.4;\nbackground-color:#08468c;\n}\n<\/style>\n<div id='av_section_19'  class='avia-section av-lnbgctl6-3affcde68b5f41effb8e343a5445eff5 main_color avia-section-default avia-no-border-styling  avia-builder-el-91  el_after_av_one_fourth  el_before_av_section  av-small-hide av-mini-hide avia-full-stretch av-parallax-section avia-bg-style-parallax av-section-color-overlay-active av-minimum-height av-minimum-height-100 av-height-100  container_wrap sidebar_right'  data-section-bg-repeat='stretch' data-av_minimum_height_pc='100' data-av_min_height_opt='100'><div class='av-parallax' data-avia-parallax-ratio='0.3' ><div class='av-parallax-inner main_color avia-full-stretch'><\/div><\/div><div class=\"av-section-color-overlay-wrap\"><div class=\"av-section-color-overlay\"><\/div><div class='container av-section-cont-open' ><div class='template-page content  av-content-small alpha units'><div class='post-entry post-entry-type-page post-entry-410'><div class='entry-content-wrapper clearfix'>\n<\/div><\/div><\/div><!-- close content main div --><\/div><\/div><\/div>\n<style type=\"text\/css\" data-created_by=\"avia_inline_auto\" id=\"style-css-av-lnbg0obi-891415a9284f246078f3d59f6a60ab9e\">\n.avia-section.av-lnbg0obi-891415a9284f246078f3d59f6a60ab9e{\nbackground-repeat:no-repeat;\nbackground-image:url(https:\/\/vamospolo.es\/wp-content\/uploads\/2023\/10\/banner-HIPICA-1.jpg);\nbackground-position:50% 0%;\nbackground-attachment:scroll;\n}\n<\/style>\n<div id='hipicacat'  class='avia-section av-lnbg0obi-891415a9284f246078f3d59f6a60ab9e main_color avia-section-default avia-no-border-styling  avia-builder-el-92  el_after_av_section  el_before_av_section  av-small-hide av-mini-hide avia-full-stretch avia-bg-style-scroll av-minimum-height av-minimum-height-75 av-height-75  container_wrap sidebar_right'  data-section-bg-repeat='stretch' data-av_minimum_height_pc='75' data-av_min_height_opt='75'><div class='container av-section-cont-open' ><div class='template-page content  av-content-small alpha units'><div class='post-entry post-entry-type-page post-entry-410'><div class='entry-content-wrapper clearfix'>\n<\/div><\/div><\/div><!-- close content main div --><\/div><\/div>\n<style type=\"text\/css\" data-created_by=\"avia_inline_auto\" id=\"style-css-av-lncvn8oc-3904dace5703077a6f15233c562322d2\">\n.avia-section.av-lncvn8oc-3904dace5703077a6f15233c562322d2{\nbackground-repeat:no-repeat;\nbackground-image:url(https:\/\/vamospolo.es\/wp-content\/uploads\/2023\/10\/Banner-HIPICA-2.jpg);\nbackground-position:50% 0%;\nbackground-attachment:scroll;\n}\n<\/style>\n<div id='hipicamobcat'  class='avia-section av-lncvn8oc-3904dace5703077a6f15233c562322d2 main_color avia-section-default avia-no-border-styling  avia-builder-el-93  el_after_av_section  el_before_av_one_half  av-desktop-hide av-medium-hide avia-full-stretch avia-bg-style-scroll av-minimum-height av-minimum-height-99vw av-height-percent_width  container_wrap sidebar_right'  data-section-bg-repeat='stretch' data-av_minimum_height_pc='99' data-av_min_height_opt='percent_width'><div class='container av-section-cont-open' ><div class='template-page content  av-content-small alpha units'><div class='post-entry post-entry-type-page post-entry-410'><div class='entry-content-wrapper clearfix'><\/div><\/div><\/div><!-- close content main div --><\/div><\/div><div id='after_section_21'  class='main_color av_default_container_wrap container_wrap sidebar_right'  ><div class='container av-section-cont-open' ><div class='template-page content  av-content-small alpha units'><div class='post-entry post-entry-type-page post-entry-410'><div class='entry-content-wrapper clearfix'>\n<div  class='flex_column av-av_one_half-692a56cb27b4036f41891925b87c1c70 av_one_half  avia-builder-el-94  el_after_av_section  el_before_av_one_half  avia-builder-el-first  first flex_column_div  '     ><style type=\"text\/css\" data-created_by=\"avia_inline_auto\" id=\"style-css-av-lnbghoev-0f44e9c53816374cee35b5f6b10cb1fe\">\n#top .av_textblock_section.av-lnbghoev-0f44e9c53816374cee35b5f6b10cb1fe .avia_textblock{\nfont-size:16px;\n}\n<\/style>\n<section  class='av_textblock_section av-lnbghoev-0f44e9c53816374cee35b5f6b10cb1fe '   itemscope=\"itemscope\" itemtype=\"https:\/\/schema.org\/CreativeWork\" ><div class='av-small-hide av-mini-hide avia_textblock'  itemprop=\"text\" ><ul>\n<li>Realitzaci\u00f3 d&#8217;una nova pista amb reg subterrani durant l&#8217;exercici 2024.<\/li>\n<li>Designar la figura espec\u00edfica d&#8217;un supervisor de pista.<\/li>\n<li>Remodelaci\u00f3 de les instal\u00b7lacions (escola, cavallerisses, restauraci\u00f3) a partir d&#8217;una an\u00e0lisi exhaustiva de les necessitats tant externes com internes.<\/li>\n<\/ul>\n<\/div><\/section><\/div>\n<div  class='flex_column av-av_one_half-7bd3f5cd863a6256abcb544d7c276d96 av_one_half  avia-builder-el-96  el_after_av_one_half  el_before_av_textblock  flex_column_div  '     ><style type=\"text\/css\" data-created_by=\"avia_inline_auto\" id=\"style-css-av-lo2mdi8l-e62e6c1e5f0b1354e6b00e708d40db54\">\n#top .av_textblock_section.av-lo2mdi8l-e62e6c1e5f0b1354e6b00e708d40db54 .avia_textblock{\nfont-size:16px;\n}\n<\/style>\n<section  class='av_textblock_section av-lo2mdi8l-e62e6c1e5f0b1354e6b00e708d40db54 '   itemscope=\"itemscope\" itemtype=\"https:\/\/schema.org\/CreativeWork\" ><div class='av-small-hide av-mini-hide avia_textblock'  itemprop=\"text\" ><ul>\n<li>Oferir una alimentaci\u00f3 m\u00e9s variada que s&#8217;adapti a diferents tipus de disciplines i car\u00e0cters.<\/li>\n<li>Potenciar la pres\u00e8ncia i la imatge de l&#8217;escola en xarxes socials.<\/li>\n<li>Recuperar el CSI veterans del club per augmentar la participaci\u00f3 entre socis i la comunitat eq\u00fcestre en el seu conjunt.<\/li>\n<\/ul>\n<\/div><\/section><\/div>\n\n<style type=\"text\/css\" data-created_by=\"avia_inline_auto\" id=\"style-css-av-lncwqxt7-438d5648da38beadf062433af8b6360c\">\n#top .av_textblock_section.av-lncwqxt7-438d5648da38beadf062433af8b6360c .avia_textblock{\nfont-size:16px;\n}\n<\/style>\n<section  class='av_textblock_section av-lncwqxt7-438d5648da38beadf062433af8b6360c '   itemscope=\"itemscope\" itemtype=\"https:\/\/schema.org\/CreativeWork\" ><div class='av-desktop-hide av-medium-hide avia_textblock'  itemprop=\"text\" ><ul>\n<li>Realitzaci\u00f3 d&#8217;una nova pista amb reg subterrani durant l&#8217;exercici 2024.<\/li>\n<li>Designar la figura espec\u00edfica d&#8217;un supervisor de pista.<\/li>\n<li>Remodelaci\u00f3 de les instal\u00b7lacions (escola, cavallerisses, restauraci\u00f3) a partir d&#8217;una an\u00e0lisi exhaustiva de les necessitats tant externes com internes.<\/li>\n<li>Oferir una alimentaci\u00f3 m\u00e9s variada que s&#8217;adapti a diferents tipus de disciplines i car\u00e0cters.<\/li>\n<li>Potenciar la pres\u00e8ncia i la imatge de l&#8217;escola en xarxes socials.<\/li>\n<li>Recuperar el CSI veterans del club per augmentar la participaci\u00f3 entre socis i la comunitat eq\u00fcestre en el seu conjunt.<\/li>\n<\/ul>\n<\/div><\/section>\n<div  class='flex_column av-av_one_fourth-692a56cb27b4036f41891925b87c1c70 av_one_fourth  avia-builder-el-99  el_after_av_textblock  el_before_av_one_fourth  first flex_column_div  column-top-margin'     ><style type=\"text\/css\" data-created_by=\"avia_inline_auto\" id=\"style-css-av-lo2tkb4s-3f55391c547aab44e28e48aa08346f27\">\n#top #wrap_all .avia-team-member.av-lo2tkb4s-3f55391c547aab44e28e48aa08346f27 .team-member-name{\ncolor:#08468c;\n}\n.avia-team-member.av-lo2tkb4s-3f55391c547aab44e28e48aa08346f27 .team-member-job-title{\ncolor:#e6373b;\n}\n.avia-team-member.av-lo2tkb4s-3f55391c547aab44e28e48aa08346f27 .avia-team-icon{\ncolor:#08468c;\n}\n<\/style>\n<section  class='avia-team-member av-lo2tkb4s-3f55391c547aab44e28e48aa08346f27  avia-builder-el-100  avia-builder-el-no-sibling '  itemscope=\"itemscope\" itemtype=\"https:\/\/schema.org\/Person\" ><h3 class='team-member-name '  itemprop=\"name\" >Francisco Colomer Barrera<\/h3><div class='team-member-job-title av_opacity_variation'  itemprop=\"jobTitle\" >Soci: 1718<\/div><div class='team-member-description '  itemprop=\"description\" ><p>Llicenciat en ADE<br \/>\nCEO Industrial Sed\u00f3<\/p>\n<\/div><span class='hidden team-member-affiliation'  itemprop=\"affiliation\" >Vamos Polo<\/span><\/section><\/div>\n<div  class='flex_column av-av_one_fourth-7bd3f5cd863a6256abcb544d7c276d96 av_one_fourth  avia-builder-el-101  el_after_av_one_fourth  el_before_av_one_fourth  flex_column_div  column-top-margin'     ><p>\n<style type=\"text\/css\" data-created_by=\"avia_inline_auto\" id=\"style-css-av-lo2tmyw3-9b55dbf48fb49c7f61edab960303995d\">\n#top #wrap_all .avia-team-member.av-lo2tmyw3-9b55dbf48fb49c7f61edab960303995d .team-member-name{\ncolor:#08468c;\n}\n.avia-team-member.av-lo2tmyw3-9b55dbf48fb49c7f61edab960303995d .team-member-job-title{\ncolor:#e6373b;\n}\n.avia-team-member.av-lo2tmyw3-9b55dbf48fb49c7f61edab960303995d .avia-team-icon{\ncolor:#08468c;\n}\n<\/style>\n<section  class='avia-team-member av-lo2tmyw3-9b55dbf48fb49c7f61edab960303995d  avia-builder-el-102  el_before_av_font_icon  avia-builder-el-first '  itemscope=\"itemscope\" itemtype=\"https:\/\/schema.org\/Person\" ><h3 class='team-member-name '  itemprop=\"name\" >Roser Brufau Penella<\/h3><div class='team-member-job-title av_opacity_variation'  itemprop=\"jobTitle\" >S\u00f2cia: 1658<\/div><div class='team-member-description '  itemprop=\"description\" ><p>Llicenciat en ADE i Master de IESE<br \/>\nDirectora General de Logic i Premium Inversions, S.L.Societat d\u2018Arrendament d\u2019Habitatges<\/p>\n<\/div><span class='hidden team-member-affiliation'  itemprop=\"affiliation\" >Vamos Polo<\/span><\/section><br \/>\n\n<style type=\"text\/css\" data-created_by=\"avia_inline_auto\" id=\"style-css-av-lo5phv1z-e739fba5077cc52a45ddda999b136fae\">\n.av_font_icon.av-lo5phv1z-e739fba5077cc52a45ddda999b136fae{\ncolor:#08468c;\nborder-color:#08468c;\n}\n.av_font_icon.av-lo5phv1z-e739fba5077cc52a45ddda999b136fae .av-icon-char{\nfont-size:40px;\nline-height:40px;\n}\n<\/style>\n<span  class='av_font_icon av-lo5phv1z-e739fba5077cc52a45ddda999b136fae avia_animate_when_visible av-icon-style- avia-icon-pos-left avia-icon-animate'><a href='https:\/\/www.linkedin.com\/in\/roserbrufaupenella25\/'   class='av-icon-char' aria-hidden='true' data-av_icon='\ue8fd' data-av_iconfont='entypo-fontello' ><\/a><\/span><\/p><\/div>\n<div  class='flex_column av-av_one_fourth-7bd3f5cd863a6256abcb544d7c276d96 av_one_fourth  avia-builder-el-104  el_after_av_one_fourth  el_before_av_section  avia-builder-el-last  flex_column_div  column-top-margin'     ><style type=\"text\/css\" data-created_by=\"avia_inline_auto\" id=\"style-css-av-lo2to7es-0eff189dac96c77aa9ea6742de88451e\">\n#top #wrap_all .avia-team-member.av-lo2to7es-0eff189dac96c77aa9ea6742de88451e .team-member-name{\ncolor:#08468c;\n}\n.avia-team-member.av-lo2to7es-0eff189dac96c77aa9ea6742de88451e .team-member-job-title{\ncolor:#e6373b;\n}\n.avia-team-member.av-lo2to7es-0eff189dac96c77aa9ea6742de88451e .avia-team-icon{\ncolor:#08468c;\n}\n<\/style>\n<section  class='avia-team-member av-lo2to7es-0eff189dac96c77aa9ea6742de88451e  avia-builder-el-105  avia-builder-el-no-sibling '  itemscope=\"itemscope\" itemtype=\"https:\/\/schema.org\/Person\" ><h3 class='team-member-name '  itemprop=\"name\" >Victorina Trigueros Llobet<\/h3><div class='team-member-job-title av_opacity_variation'  itemprop=\"jobTitle\" >S\u00f2cia: 4934<\/div><div class='team-member-description '  itemprop=\"description\" ><p>Llicenciada en ADE<br \/>\nCoaching esportiu &amp; Entrenament Mental H\u00edpic<\/p>\n<\/div><span class='hidden team-member-affiliation'  itemprop=\"affiliation\" >Vamos Polo<\/span><\/section><\/div>\n<\/div><\/div><\/div><!-- close content main div --><\/div><\/div>\n<style type=\"text\/css\" data-created_by=\"avia_inline_auto\" id=\"style-css-av-lnbir1ft-fd65ea1ff08c23c64e5b753264000431\">\n.avia-section.av-lnbir1ft-fd65ea1ff08c23c64e5b753264000431 .av-parallax .av-parallax-inner{\nbackground-repeat:no-repeat;\nbackground-image:url(https:\/\/vamospolo.es\/wp-content\/uploads\/2023\/10\/polo.jpg);\nbackground-position:50% 0%;\nbackground-attachment:scroll;\n}\n.avia-section.av-lnbir1ft-fd65ea1ff08c23c64e5b753264000431 .av-section-color-overlay{\nopacity:0.4;\nbackground-color:#08468c;\n}\n<\/style>\n<div id='av_section_22'  class='avia-section av-lnbir1ft-fd65ea1ff08c23c64e5b753264000431 main_color avia-section-default avia-no-border-styling  avia-builder-el-106  el_after_av_one_fourth  el_before_av_section  av-small-hide av-mini-hide avia-full-stretch av-parallax-section avia-bg-style-parallax av-section-color-overlay-active av-minimum-height av-minimum-height-100 av-height-100  container_wrap sidebar_right'  data-section-bg-repeat='stretch' data-av_minimum_height_pc='100' data-av_min_height_opt='100'><div class='av-parallax' data-avia-parallax-ratio='0.3' ><div class='av-parallax-inner main_color avia-full-stretch'><\/div><\/div><div class=\"av-section-color-overlay-wrap\"><div class=\"av-section-color-overlay\"><\/div><div class='container av-section-cont-open' ><div class='template-page content  av-content-small alpha units'><div class='post-entry post-entry-type-page post-entry-410'><div class='entry-content-wrapper clearfix'>\n<\/div><\/div><\/div><!-- close content main div --><\/div><\/div><\/div>\n<style type=\"text\/css\" data-created_by=\"avia_inline_auto\" id=\"style-css-av-lnbigexe-b9ce78e5410d30b79878947e2db90caa\">\n.avia-section.av-lnbigexe-b9ce78e5410d30b79878947e2db90caa{\nbackground-repeat:no-repeat;\nbackground-image:url(https:\/\/vamospolo.es\/wp-content\/uploads\/2023\/10\/Banner-polo.jpg);\nbackground-position:0% 0%;\nbackground-attachment:scroll;\n}\n<\/style>\n<div id='polocat'  class='avia-section av-lnbigexe-b9ce78e5410d30b79878947e2db90caa main_color avia-section-default avia-no-border-styling  avia-builder-el-107  el_after_av_section  el_before_av_section  av-small-hide av-mini-hide avia-full-stretch avia-bg-style-scroll av-minimum-height av-minimum-height-75 av-height-75  container_wrap sidebar_right'  data-section-bg-repeat='stretch' data-av_minimum_height_pc='75' data-av_min_height_opt='75'><div class='container av-section-cont-open' ><div class='template-page content  av-content-small alpha units'><div class='post-entry post-entry-type-page post-entry-410'><div class='entry-content-wrapper clearfix'>\n<\/div><\/div><\/div><!-- close content main div --><\/div><\/div>\n<style type=\"text\/css\" data-created_by=\"avia_inline_auto\" id=\"style-css-av-lncvo4fq-a2eff109fbbc0e63e4ee7b4c1fda00fd\">\n.avia-section.av-lncvo4fq-a2eff109fbbc0e63e4ee7b4c1fda00fd{\nbackground-repeat:no-repeat;\nbackground-image:url(https:\/\/vamospolo.es\/wp-content\/uploads\/2023\/10\/Banner-polo-1080x1080-1.jpg);\nbackground-position:0% 0%;\nbackground-attachment:scroll;\n}\n<\/style>\n<div id='polomobcat'  class='avia-section av-lncvo4fq-a2eff109fbbc0e63e4ee7b4c1fda00fd main_color avia-section-default avia-no-border-styling  avia-builder-el-108  el_after_av_section  el_before_av_textblock  av-desktop-hide av-medium-hide avia-full-stretch avia-bg-style-scroll av-minimum-height av-minimum-height-99vw av-height-percent_width  container_wrap sidebar_right'  data-section-bg-repeat='stretch' data-av_minimum_height_pc='99' data-av_min_height_opt='percent_width'><div class='container av-section-cont-open' ><div class='template-page content  av-content-small alpha units'><div class='post-entry post-entry-type-page post-entry-410'><div class='entry-content-wrapper clearfix'><\/div><\/div><\/div><!-- close content main div --><\/div><\/div><div id='after_section_24'  class='main_color av_default_container_wrap container_wrap sidebar_right'  ><div class='container av-section-cont-open' ><div class='template-page content  av-content-small alpha units'><div class='post-entry post-entry-type-page post-entry-410'><div class='entry-content-wrapper clearfix'>\n\n<style type=\"text\/css\" data-created_by=\"avia_inline_auto\" id=\"style-css-av-lnbixawr-3af2b21e02acb7734cfd79be63d084bd\">\n#top .av_textblock_section.av-lnbixawr-3af2b21e02acb7734cfd79be63d084bd .avia_textblock{\nfont-size:16px;\ncolumn-count:2;\n}\n<\/style>\n<section  class='av_textblock_section av-lnbixawr-3af2b21e02acb7734cfd79be63d084bd '   itemscope=\"itemscope\" itemtype=\"https:\/\/schema.org\/CreativeWork\" ><div class='av-small-hide av-mini-hide avia_textblock av_multi_colums'  itemprop=\"text\" ><ul>\n<li>Visibilitzar la secci\u00f3 de Polo en les xarxes socials del Club per a donar a con\u00e8ixer l&#8217;esport de Polo entre els socis.<\/li>\n<li>Impulsar l&#8217;Escola de Polo del Club per a posicionar-la com a referent en la seva disciplina.<\/li>\n<li style=\"font-weight: 400;\">Situar a la secci\u00f3 de Polo del Club al nivell d&#8217;excel\u00b7l\u00e8ncia exigit pels socis.<\/li>\n<li style=\"font-weight: 400;\">Fomentar la participaci\u00f3 activa dels socis del Club en els esdeveniments de la disciplina de Polo.<\/li>\n<li style=\"font-weight: 400;\">Vetllar per la cura i manteniment de les instal\u00b7lacions de Polo del Club.<\/li>\n<\/ul>\n<\/div><\/section>\n\n<style type=\"text\/css\" data-created_by=\"avia_inline_auto\" id=\"style-css-av-lncwreju-e8e1d3110498dd99544c8c498181fe4e\">\n#top .av_textblock_section.av-lncwreju-e8e1d3110498dd99544c8c498181fe4e .avia_textblock{\nfont-size:16px;\n}\n<\/style>\n<section  class='av_textblock_section av-lncwreju-e8e1d3110498dd99544c8c498181fe4e '   itemscope=\"itemscope\" itemtype=\"https:\/\/schema.org\/CreativeWork\" ><div class='av-desktop-hide av-medium-hide avia_textblock'  itemprop=\"text\" ><ul>\n<li>Visibilitzar la secci\u00f3 de Polo en les xarxes socials del Club per a donar a con\u00e8ixer l&#8217;esport de Polo entre els socis.<\/li>\n<li>Impulsar l&#8217;Escola de Polo del Club per a posicionar-la com a referent en la seva disciplina.<\/li>\n<li style=\"font-weight: 400;\">Situar a la secci\u00f3 de Polo del Club al nivell d&#8217;excel\u00b7l\u00e8ncia exigit pels socis.<\/li>\n<li style=\"font-weight: 400;\">Fomentar la participaci\u00f3 activa dels socis del Club en els esdeveniments de la disciplina de Polo.<\/li>\n<li style=\"font-weight: 400;\">Vetllar per la cura i manteniment de les instal\u00b7lacions de Polo del Club.<\/li>\n<\/ul>\n<\/div><\/section>\n<div  class='flex_column av-av_one_fourth-692a56cb27b4036f41891925b87c1c70 av_one_fourth  avia-builder-el-111  el_after_av_textblock  el_before_av_section  avia-builder-el-last  first flex_column_div  column-top-margin'     ><style type=\"text\/css\" data-created_by=\"avia_inline_auto\" id=\"style-css-av-lo2tgrzk-36581041f217a875059ede81db0d5fa9\">\n#top #wrap_all .avia-team-member.av-lo2tgrzk-36581041f217a875059ede81db0d5fa9 .team-member-name{\ncolor:#08468c;\n}\n.avia-team-member.av-lo2tgrzk-36581041f217a875059ede81db0d5fa9 .team-member-job-title{\ncolor:#e6373b;\n}\n.avia-team-member.av-lo2tgrzk-36581041f217a875059ede81db0d5fa9 .avia-team-icon{\ncolor:#08468c;\n}\n<\/style>\n<section  class='avia-team-member av-lo2tgrzk-36581041f217a875059ede81db0d5fa9  avia-builder-el-112  avia-builder-el-no-sibling '  itemscope=\"itemscope\" itemtype=\"https:\/\/schema.org\/Person\" ><h3 class='team-member-name '  itemprop=\"name\" >Jorge Ayesa Guix<\/h3><div class='team-member-job-title av_opacity_variation'  itemprop=\"jobTitle\" >Soci: 1663<\/div><div class='team-member-description '  itemprop=\"description\" ><p>LLicenciat en Direcci\u00f3 de Empresa<br \/>\nCl\u00ednica Sant Antoni Barcelona<\/p>\n<\/div><span class='hidden team-member-affiliation'  itemprop=\"affiliation\" >Vamos Polo<\/span><\/section><\/div>\n<\/div><\/div><\/div><!-- close content main div --><\/div><\/div>\n<style type=\"text\/css\" data-created_by=\"avia_inline_auto\" id=\"style-css-av-lnbirhnn-0b02c904e828e168d48092abd4396cdf\">\n.avia-section.av-lnbirhnn-0b02c904e828e168d48092abd4396cdf .av-parallax .av-parallax-inner{\nbackground-repeat:no-repeat;\nbackground-image:url(https:\/\/vamospolo.es\/wp-content\/uploads\/2023\/10\/fitness.jpg);\nbackground-position:50% 0%;\nbackground-attachment:scroll;\n}\n.avia-section.av-lnbirhnn-0b02c904e828e168d48092abd4396cdf .av-section-color-overlay{\nopacity:0.4;\nbackground-color:#08468c;\n}\n<\/style>\n<div id='av_section_25'  class='avia-section av-lnbirhnn-0b02c904e828e168d48092abd4396cdf main_color avia-section-default avia-no-border-styling  avia-builder-el-113  el_after_av_one_fourth  el_before_av_section  av-small-hide av-mini-hide avia-full-stretch av-parallax-section avia-bg-style-parallax av-section-color-overlay-active av-minimum-height av-minimum-height-100 av-height-100  container_wrap sidebar_right'  data-section-bg-repeat='stretch' data-av_minimum_height_pc='100' data-av_min_height_opt='100'><div class='av-parallax' data-avia-parallax-ratio='0.3' ><div class='av-parallax-inner main_color avia-full-stretch'><\/div><\/div><div class=\"av-section-color-overlay-wrap\"><div class=\"av-section-color-overlay\"><\/div><div class='container av-section-cont-open' ><div class='template-page content  av-content-small alpha units'><div class='post-entry post-entry-type-page post-entry-410'><div class='entry-content-wrapper clearfix'>\n<\/div><\/div><\/div><!-- close content main div --><\/div><\/div><\/div>\n<style type=\"text\/css\" data-created_by=\"avia_inline_auto\" id=\"style-css-av-lnbih8lo-6b7a11eed37ff2c9cd3e97ed97c653aa\">\n.avia-section.av-lnbih8lo-6b7a11eed37ff2c9cd3e97ed97c653aa{\nbackground-repeat:no-repeat;\nbackground-image:url(https:\/\/vamospolo.es\/wp-content\/uploads\/2023\/10\/Banner-FITNESS.jpg);\nbackground-position:0% 0%;\nbackground-attachment:scroll;\n}\n<\/style>\n<div id='fitnesscat'  class='avia-section av-lnbih8lo-6b7a11eed37ff2c9cd3e97ed97c653aa main_color avia-section-default avia-no-border-styling  avia-builder-el-114  el_after_av_section  el_before_av_section  av-small-hide av-mini-hide avia-full-stretch avia-bg-style-scroll av-minimum-height av-minimum-height-75 av-height-75  container_wrap sidebar_right'  data-section-bg-repeat='stretch' data-av_minimum_height_pc='75' data-av_min_height_opt='75'><div class='container av-section-cont-open' ><div class='template-page content  av-content-small alpha units'><div class='post-entry post-entry-type-page post-entry-410'><div class='entry-content-wrapper clearfix'>\n<\/div><\/div><\/div><!-- close content main div --><\/div><\/div>\n<style type=\"text\/css\" data-created_by=\"avia_inline_auto\" id=\"style-css-av-lncvoxv9-a89aa3334a4f56eabc322bbea41b7f6d\">\n.avia-section.av-lncvoxv9-a89aa3334a4f56eabc322bbea41b7f6d{\nbackground-repeat:no-repeat;\nbackground-image:url(https:\/\/vamospolo.es\/wp-content\/uploads\/2023\/10\/Banner-Fitness-1080x1080-1.jpg);\nbackground-position:0% 0%;\nbackground-attachment:scroll;\n}\n<\/style>\n<div id='fitnessmobcat'  class='avia-section av-lncvoxv9-a89aa3334a4f56eabc322bbea41b7f6d main_color avia-section-default avia-no-border-styling  avia-builder-el-115  el_after_av_section  el_before_av_one_half  av-desktop-hide av-medium-hide avia-full-stretch avia-bg-style-scroll av-minimum-height av-minimum-height-99vw av-height-percent_width  container_wrap sidebar_right'  data-section-bg-repeat='stretch' data-av_minimum_height_pc='99' data-av_min_height_opt='percent_width'><div class='container av-section-cont-open' ><div class='template-page content  av-content-small alpha units'><div class='post-entry post-entry-type-page post-entry-410'><div class='entry-content-wrapper clearfix'><\/div><\/div><\/div><!-- close content main div --><\/div><\/div><div id='after_section_27'  class='main_color av_default_container_wrap container_wrap sidebar_right'  ><div class='container av-section-cont-open' ><div class='template-page content  av-content-small alpha units'><div class='post-entry post-entry-type-page post-entry-410'><div class='entry-content-wrapper clearfix'>\n<div  class='flex_column av-av_one_half-692a56cb27b4036f41891925b87c1c70 av_one_half  avia-builder-el-116  el_after_av_section  el_before_av_one_half  avia-builder-el-first  first flex_column_div  '     ><style type=\"text\/css\" data-created_by=\"avia_inline_auto\" id=\"style-css-av-lnbiyg6k-ca33a6b007d6db489f4ba4a4f7bf1386\">\n#top .av_textblock_section.av-lnbiyg6k-ca33a6b007d6db489f4ba4a4f7bf1386 .avia_textblock{\nfont-size:16px;\n}\n<\/style>\n<section  class='av_textblock_section av-lnbiyg6k-ca33a6b007d6db489f4ba4a4f7bf1386 '   itemscope=\"itemscope\" itemtype=\"https:\/\/schema.org\/CreativeWork\" ><div class='av-small-hide av-mini-hide avia_textblock'  itemprop=\"text\" ><ul>\n<li>Explorar noves tend\u00e8ncies i modalitats d&#8217;entrenament i activitats dirigides per a atreure a un p\u00fablic m\u00e9s ampli i divers.<\/li>\n<li>Treballar en equip amb totes les seccions del Club per a millorar el rendiment de cada soci esportista en la seva disciplina preferida.<\/li>\n<li>Promoure el benestar f\u00edsic, la integraci\u00f3 i el comprom\u00eds dels socis m\u00e9s joves amb el *Sport *Center-Fitnes.<\/li>\n<\/ul>\n<\/div><\/section><\/div>\n<div  class='flex_column av-av_one_half-7bd3f5cd863a6256abcb544d7c276d96 av_one_half  avia-builder-el-118  el_after_av_one_half  el_before_av_textblock  flex_column_div  '     ><style type=\"text\/css\" data-created_by=\"avia_inline_auto\" id=\"style-css-av-lo2mihxb-4bfc1fccc9f25646438fedf63bd65999\">\n#top .av_textblock_section.av-lo2mihxb-4bfc1fccc9f25646438fedf63bd65999 .avia_textblock{\nfont-size:16px;\n}\n<\/style>\n<section  class='av_textblock_section av-lo2mihxb-4bfc1fccc9f25646438fedf63bd65999 '   itemscope=\"itemscope\" itemtype=\"https:\/\/schema.org\/CreativeWork\" ><div class='av-small-hide av-mini-hide avia_textblock'  itemprop=\"text\" ><ul>\n<li>Organitzar xerrades sobre activitat f\u00edsica, nutrici\u00f3 i salut mental per a fomentar les relacions interpersonals entre els socis.<\/li>\n<li>Millorar l&#8217;experi\u00e8ncia del soci canalitzant els seus suggeriments.<\/li>\n<li>\n<div><span lang=\"es\">Sport Center-fitness passar\u00e1 a ser una secci\u00f3 m\u00e9s del club contan amb el seu pressupost propi.<\/span><\/div>\n<\/li>\n<li>L&#8217;autocura, l&#8217;autoconfian\u00e7a i el benestar mental i f\u00edsic ser\u00e0 el nostre comprom\u00eds amb el soci. La for\u00e7a ser\u00e0 el nostre millor aliat.<\/li>\n<\/ul>\n<\/div><\/section><\/div>\n\n<style type=\"text\/css\" data-created_by=\"avia_inline_auto\" id=\"style-css-av-lncwrvxx-4c940a9d1228ee3faf3c02860173c524\">\n#top .av_textblock_section.av-lncwrvxx-4c940a9d1228ee3faf3c02860173c524 .avia_textblock{\nfont-size:16px;\n}\n<\/style>\n<section  class='av_textblock_section av-lncwrvxx-4c940a9d1228ee3faf3c02860173c524 '   itemscope=\"itemscope\" itemtype=\"https:\/\/schema.org\/CreativeWork\" ><div class='av-desktop-hide av-medium-hide avia_textblock'  itemprop=\"text\" ><ul>\n<li>Explorar noves tend\u00e8ncies i modalitats d&#8217;entrenament i activitats dirigides per a atreure a un p\u00fablic m\u00e9s ampli i divers.<\/li>\n<li>Treballar en equip amb totes les seccions del Club per a millorar el rendiment de cada soci esportista en la seva disciplina preferida.<\/li>\n<li>Promoure el benestar f\u00edsic, la integraci\u00f3 i el comprom\u00eds dels socis m\u00e9s joves amb el *Sport *Center-Fitnes.<\/li>\n<li>Organitzar xerrades sobre activitat f\u00edsica, nutrici\u00f3 i salut mental per a fomentar les relacions interpersonals entre els socis.<\/li>\n<li>Millorar l&#8217;experi\u00e8ncia del soci canalitzant els seus suggeriments.<\/li>\n<li><span lang=\"es\">Sport Center-fitness passar\u00e1 a ser una secci\u00f3 m\u00e9s del club contan amb el seu pressupost propi.<\/span><\/li>\n<li>L&#8217;autocura, l&#8217;autoconfian\u00e7a i el benestar mental i f\u00edsic ser\u00e0 el nostre comprom\u00eds amb el soci. La for\u00e7a ser\u00e0 el nostre millor aliat.<\/li>\n<\/ul>\n<\/div><\/section>\n<div  class='flex_column av-6rk4-1497b11fd39f22d2aa0ebe5e7bd1a158 av_one_fourth  avia-builder-el-121  el_after_av_textblock  el_before_av_one_fourth  first flex_column_div  column-top-margin'     ><p>\n<style type=\"text\/css\" data-created_by=\"avia_inline_auto\" id=\"style-css-av-lnbj11wr-bee7d93201feeac51f6655b5d192f8e7\">\n#top #wrap_all .avia-team-member.av-lnbj11wr-bee7d93201feeac51f6655b5d192f8e7 .team-member-name{\ncolor:#08468c;\n}\n.avia-team-member.av-lnbj11wr-bee7d93201feeac51f6655b5d192f8e7 .team-member-job-title{\ncolor:#e6373b;\n}\n.avia-team-member.av-lnbj11wr-bee7d93201feeac51f6655b5d192f8e7 .avia-team-icon{\ncolor:#08468c;\n}\n<\/style>\n<section  class='avia-team-member av-lnbj11wr-bee7d93201feeac51f6655b5d192f8e7  avia-builder-el-122  el_before_av_font_icon  avia-builder-el-first '  itemscope=\"itemscope\" itemtype=\"https:\/\/schema.org\/Person\" ><h3 class='team-member-name '  itemprop=\"name\" >Anna Claret Cam\u00f3s<\/h3><div class='team-member-job-title av_opacity_variation'  itemprop=\"jobTitle\" >S\u00f2cia 2510<\/div><div class='team-member-description '  itemprop=\"description\" ><p>T\u00e8cnica en Turisme, Hotelera<br \/>\nDiplomada en Turisme<br \/>\nResponsable de recepci\u00f3 a Novotel Barcelona Cornell\u00e0<\/p>\n<\/div><span class='hidden team-member-affiliation'  itemprop=\"affiliation\" >Vamos Polo<\/span><\/section><br \/>\n\n<style type=\"text\/css\" data-created_by=\"avia_inline_auto\" id=\"style-css-av-lo5pil27-e7c5afee87508ee0e4c38700f3ff100e\">\n.av_font_icon.av-lo5pil27-e7c5afee87508ee0e4c38700f3ff100e{\ncolor:#08468c;\nborder-color:#08468c;\n}\n.av_font_icon.av-lo5pil27-e7c5afee87508ee0e4c38700f3ff100e .av-icon-char{\nfont-size:40px;\nline-height:40px;\n}\n<\/style>\n<span  class='av_font_icon av-lo5pil27-e7c5afee87508ee0e4c38700f3ff100e avia_animate_when_visible av-icon-style- avia-icon-pos-left avia-icon-animate'><a href='https:\/\/www.linkedin.com\/in\/anna-claret-t%C3%A9cnicoselecci%C3%B3nformaci%C3%B3n'   class='av-icon-char' aria-hidden='true' data-av_icon='\ue8fd' data-av_iconfont='entypo-fontello' ><\/a><\/span><\/p><\/div>\n<div  class='flex_column av-8ilk-60e44b008d568f96ce35157d34165c4e av_one_fourth  avia-builder-el-124  el_after_av_one_fourth  el_before_av_section  avia-builder-el-last  flex_column_div  column-top-margin'     ><p>\n<style type=\"text\/css\" data-created_by=\"avia_inline_auto\" id=\"style-css-av-6812-0ac087144287b8cd260e806358a33fd6\">\n#top #wrap_all .avia-team-member.av-6812-0ac087144287b8cd260e806358a33fd6 .team-member-name{\ncolor:#08468c;\n}\n.avia-team-member.av-6812-0ac087144287b8cd260e806358a33fd6 .team-member-job-title{\ncolor:#e6373b;\n}\n.avia-team-member.av-6812-0ac087144287b8cd260e806358a33fd6 .avia-team-icon{\ncolor:#08468c;\n}\n<\/style>\n<section  class='avia-team-member av-6812-0ac087144287b8cd260e806358a33fd6  avia-builder-el-125  el_before_av_font_icon  avia-builder-el-first '  itemscope=\"itemscope\" itemtype=\"https:\/\/schema.org\/Person\" ><h3 class='team-member-name '  itemprop=\"name\" >Teresa Carb\u00f3 Vidal<\/h3><div class='team-member-job-title av_opacity_variation'  itemprop=\"jobTitle\" >S\u00f2cia 6758<\/div><div class='team-member-description '  itemprop=\"description\" ><p>Diplomada en Turisme i Llicenciada en Publicitat i relacions p\u00fabliques<br \/>\nConsultora de diversidad en Fundaci\u00f3n Eurofirms<\/p>\n<\/div><span class='hidden team-member-affiliation'  itemprop=\"affiliation\" >Vamos Polo<\/span><\/section><br \/>\n\n<style type=\"text\/css\" data-created_by=\"avia_inline_auto\" id=\"style-css-av-lo5piv9f-ac5ad917d8d081f2288e8c32de73159e\">\n.av_font_icon.av-lo5piv9f-ac5ad917d8d081f2288e8c32de73159e{\ncolor:#08468c;\nborder-color:#08468c;\n}\n.av_font_icon.av-lo5piv9f-ac5ad917d8d081f2288e8c32de73159e .av-icon-char{\nfont-size:40px;\nline-height:40px;\n}\n<\/style>\n<span  class='av_font_icon av-lo5piv9f-ac5ad917d8d081f2288e8c32de73159e avia_animate_when_visible av-icon-style- avia-icon-pos-left avia-icon-animate'><a href='https:\/\/www.linkedin.com\/in\/teresa-carb%C3%B3-vidal'   class='av-icon-char' aria-hidden='true' data-av_icon='\ue8fd' data-av_iconfont='entypo-fontello' ><\/a><\/span><\/p><\/div>\n<\/div><\/div><\/div><!-- close content main div --><\/div><\/div>\n<style type=\"text\/css\" data-created_by=\"avia_inline_auto\" id=\"style-css-av-lnbgdw33-f5fff5e1422411a4640f2ebcb7efca55\">\n.avia-section.av-lnbgdw33-f5fff5e1422411a4640f2ebcb7efca55 .av-parallax .av-parallax-inner{\nbackground-repeat:no-repeat;\nbackground-image:url(https:\/\/vamospolo.es\/wp-content\/uploads\/2023\/10\/social-2.jpg);\nbackground-position:50% 0%;\nbackground-attachment:scroll;\n}\n.avia-section.av-lnbgdw33-f5fff5e1422411a4640f2ebcb7efca55 .av-section-color-overlay{\nopacity:0.4;\nbackground-color:#08468c;\n}\n<\/style>\n<div id='av_section_28'  class='avia-section av-lnbgdw33-f5fff5e1422411a4640f2ebcb7efca55 main_color avia-section-default avia-no-border-styling  avia-builder-el-127  el_after_av_one_fourth  el_before_av_section  av-small-hide av-mini-hide avia-full-stretch av-parallax-section avia-bg-style-parallax av-section-color-overlay-active av-minimum-height av-minimum-height-100 av-height-100  container_wrap sidebar_right'  data-section-bg-repeat='stretch' data-av_minimum_height_pc='100' data-av_min_height_opt='100'><div class='av-parallax' data-avia-parallax-ratio='0.3' ><div class='av-parallax-inner main_color avia-full-stretch'><\/div><\/div><div class=\"av-section-color-overlay-wrap\"><div class=\"av-section-color-overlay\"><\/div><div class='container av-section-cont-open' ><div class='template-page content  av-content-small alpha units'><div class='post-entry post-entry-type-page post-entry-410'><div class='entry-content-wrapper clearfix'>\n<\/div><\/div><\/div><!-- close content main div --><\/div><\/div><\/div>\n<style type=\"text\/css\" data-created_by=\"avia_inline_auto\" id=\"style-css-av-ln4gs0j0-df286c2b7c2cc688ac7d377db5669524\">\n.avia-section.av-ln4gs0j0-df286c2b7c2cc688ac7d377db5669524{\nbackground-repeat:no-repeat;\nbackground-image:url(https:\/\/vamospolo.es\/wp-content\/uploads\/2023\/10\/SOCIAL-I-JOVES-_1920X720.jpg);\nbackground-position:0% 0%;\nbackground-attachment:scroll;\n}\n<\/style>\n<div id='jovenescat'  class='avia-section av-ln4gs0j0-df286c2b7c2cc688ac7d377db5669524 main_color avia-section-default avia-no-border-styling  avia-builder-el-128  el_after_av_section  el_before_av_section  av-small-hide av-mini-hide avia-full-stretch avia-bg-style-scroll av-minimum-height av-minimum-height-75 av-height-75  container_wrap sidebar_right'  data-section-bg-repeat='stretch' data-av_minimum_height_pc='75' data-av_min_height_opt='75'><div class='container av-section-cont-open' ><div class='template-page content  av-content-small alpha units'><div class='post-entry post-entry-type-page post-entry-410'><div class='entry-content-wrapper clearfix'>\n<\/div><\/div><\/div><!-- close content main div --><\/div><\/div>\n<style type=\"text\/css\" data-created_by=\"avia_inline_auto\" id=\"style-css-av-lncvlm2k-d90626faf445dccb576e7ae3e1c5405c\">\n.avia-section.av-lncvlm2k-d90626faf445dccb576e7ae3e1c5405c{\nbackground-repeat:no-repeat;\nbackground-image:url(https:\/\/vamospolo.es\/wp-content\/uploads\/2023\/10\/SOCIAL-I-JOVES_1080x1080.jpg);\nbackground-position:0% 0%;\nbackground-attachment:scroll;\n}\n<\/style>\n<div id='socialmobcat'  class='avia-section av-lncvlm2k-d90626faf445dccb576e7ae3e1c5405c main_color avia-section-default avia-no-border-styling  avia-builder-el-129  el_after_av_section  el_before_av_section  av-desktop-hide av-medium-hide avia-full-stretch avia-bg-style-scroll av-minimum-height av-minimum-height-99vw av-height-percent_width  container_wrap sidebar_right'  data-section-bg-repeat='stretch' data-av_minimum_height_pc='99' data-av_min_height_opt='percent_width'><div class='container av-section-cont-open' ><div class='template-page content  av-content-small alpha units'><div class='post-entry post-entry-type-page post-entry-410'><div class='entry-content-wrapper clearfix'>\n<\/div><\/div><\/div><!-- close content main div --><\/div><\/div><div id='av_section_31'  class='avia-section av-2swu-cad0c4e95f289e0bd4b3a1252257a516 main_color avia-section-default avia-no-border-styling  avia-builder-el-130  el_after_av_section  el_before_av_section  avia-bg-style-scroll container_wrap sidebar_right'  ><div class='container av-section-cont-open' ><div class='template-page content  av-content-small alpha units'><div class='post-entry post-entry-type-page post-entry-410'><div class='entry-content-wrapper clearfix'>\n<div  class='flex_column av-av_one_half-692a56cb27b4036f41891925b87c1c70 av_one_half  avia-builder-el-131  el_before_av_one_half  avia-builder-el-first  first flex_column_div  '     ><style type=\"text\/css\" data-created_by=\"avia_inline_auto\" id=\"style-css-av-ln4gsjlp-4fba17ab91c9272cafd4378ce5c5e052\">\n#top .av_textblock_section.av-ln4gsjlp-4fba17ab91c9272cafd4378ce5c5e052 .avia_textblock{\nfont-size:16px;\n}\n<\/style>\n<section  class='av_textblock_section av-ln4gsjlp-4fba17ab91c9272cafd4378ce5c5e052 '   itemscope=\"itemscope\" itemtype=\"https:\/\/schema.org\/CreativeWork\" ><div class='av-small-hide av-mini-hide avia_textblock'  itemprop=\"text\" ><ul>\n<li>Organitzar festes per als joves i esdeveniments socials din\u00e0mics i divertits per tornar la vida social al club.<\/li>\n<li>POLO TALKS Organitzar esdeveniments i sopars per fomentar el networking entre els socis i representants del m\u00f3n empresarial i pol\u00edtic.<\/li>\n<\/ul>\n<\/div><\/section><\/div><div  class='flex_column av-av_one_half-7bd3f5cd863a6256abcb544d7c276d96 av_one_half  avia-builder-el-133  el_after_av_one_half  el_before_av_textblock  flex_column_div  '     ><style type=\"text\/css\" data-created_by=\"avia_inline_auto\" id=\"style-css-av-lo2ml9x7-85167e88682aca23f9215c224cfe422a\">\n#top .av_textblock_section.av-lo2ml9x7-85167e88682aca23f9215c224cfe422a .avia_textblock{\nfont-size:16px;\n}\n<\/style>\n<section  class='av_textblock_section av-lo2ml9x7-85167e88682aca23f9215c224cfe422a '   itemscope=\"itemscope\" itemtype=\"https:\/\/schema.org\/CreativeWork\" ><div class='av-small-hide av-mini-hide avia_textblock'  itemprop=\"text\" ><ul>\n<li>Establir col\u00b7laboracions i convenis amb diferents ONG i aconseguir que el Reial Club de Polo sigui considerat \u00abUN CLUB AMB COR\u00bb, comprom\u00e8s amb les persones m\u00e9s vulnerables de la nostra societat.<\/li>\n<li><span style=\"font-weight: 400;\">Augmentar la implicaci\u00f3 dels socis m\u00e9s joves en causes socials i voluntariats.<\/span><\/li>\n<\/ul>\n<\/div><\/section><\/div>\n<style type=\"text\/css\" data-created_by=\"avia_inline_auto\" id=\"style-css-av-lncwpix4-bb43fb0b7d21eec84414639ba38f6c06\">\n#top .av_textblock_section.av-lncwpix4-bb43fb0b7d21eec84414639ba38f6c06 .avia_textblock{\nfont-size:16px;\n}\n<\/style>\n<section  class='av_textblock_section av-lncwpix4-bb43fb0b7d21eec84414639ba38f6c06 '   itemscope=\"itemscope\" itemtype=\"https:\/\/schema.org\/CreativeWork\" ><div class='av-desktop-hide av-medium-hide avia_textblock'  itemprop=\"text\" ><ul>\n<li>Organitzar festes per als joves i esdeveniments socials din\u00e0mics i divertits per tornar la vida social al club.<\/li>\n<li>POLO TALKS Organitzar esdeveniments i sopars per fomentar el networking entre els socis i representants del m\u00f3n empresarial i pol\u00edtic.<\/li>\n<li>Establir col\u00b7laboracions i convenis amb diferents ONG i aconseguir que el Reial Club de Polo sigui considerat \u00abUN CLUB AMB COR\u00bb, comprom\u00e8s amb les persones m\u00e9s vulnerables de la nostra societat.<\/li>\n<li><span style=\"font-weight: 400;\">Augmentar la implicaci\u00f3 dels socis m\u00e9s joves en causes socials i voluntariats.<\/span><\/li>\n<\/ul>\n<\/div><\/section>\n<div  class='flex_column av-51wy-763282acb07679a6289702f62516355c av_one_fourth  avia-builder-el-136  el_after_av_textblock  avia-builder-el-last  first flex_column_div  column-top-margin'     ><p>\n<style type=\"text\/css\" data-created_by=\"avia_inline_auto\" id=\"style-css-av-lnbj298c-92079566f7188364f95702f226ffb2cd\">\n#top #wrap_all .avia-team-member.av-lnbj298c-92079566f7188364f95702f226ffb2cd .team-member-name{\ncolor:#08468c;\n}\n.avia-team-member.av-lnbj298c-92079566f7188364f95702f226ffb2cd .team-member-job-title{\ncolor:#e6373b;\n}\n.avia-team-member.av-lnbj298c-92079566f7188364f95702f226ffb2cd .avia-team-icon{\ncolor:#08468c;\n}\n<\/style>\n<section  class='avia-team-member av-lnbj298c-92079566f7188364f95702f226ffb2cd  avia-builder-el-137  el_before_av_font_icon  avia-builder-el-first '  itemscope=\"itemscope\" itemtype=\"https:\/\/schema.org\/Person\" ><h3 class='team-member-name '  itemprop=\"name\" >Jos\u00e9 M\u00aa Pujol Serra<\/h3><div class='team-member-job-title av_opacity_variation'  itemprop=\"jobTitle\" >Soci 2684<\/div><div class='team-member-description '  itemprop=\"description\" ><p>Llicenciat en Econ\u00f2miques<br \/>\nPresidente Asociaci\u00f3n Need \u00dc<br \/>\nGeneral Manager at NF Global Solutions<\/p>\n<\/div><span class='hidden team-member-affiliation'  itemprop=\"affiliation\" >Vamos Polo<\/span><\/section><br \/>\n\n<style type=\"text\/css\" data-created_by=\"avia_inline_auto\" id=\"style-css-av-lo5pjhoc-ece718bd32ab7edcf63929e3e5ca81f4\">\n.av_font_icon.av-lo5pjhoc-ece718bd32ab7edcf63929e3e5ca81f4{\ncolor:#08468c;\nborder-color:#08468c;\n}\n.av_font_icon.av-lo5pjhoc-ece718bd32ab7edcf63929e3e5ca81f4 .av-icon-char{\nfont-size:40px;\nline-height:40px;\n}\n<\/style>\n<span  class='av_font_icon av-lo5pjhoc-ece718bd32ab7edcf63929e3e5ca81f4 avia_animate_when_visible av-icon-style- avia-icon-pos-left avia-icon-animate'><a href='https:\/\/www.linkedin.com\/in\/jos%C3%A9-m%C2%AA-pujol-serra-939a24112\/'   class='av-icon-char' aria-hidden='true' data-av_icon='\ue8fd' data-av_iconfont='entypo-fontello' ><\/a><\/span><\/p><\/div>\n\n<\/div><\/div><\/div><!-- close content main div --><\/div><\/div>\n<style type=\"text\/css\" data-created_by=\"avia_inline_auto\" id=\"style-css-av-lnbisdch-eb9b9ea8b21afcd29f0a987bdfdab7ed\">\n.avia-section.av-lnbisdch-eb9b9ea8b21afcd29f0a987bdfdab7ed .av-parallax .av-parallax-inner{\nbackground-repeat:no-repeat;\nbackground-image:url(https:\/\/vamospolo.es\/wp-content\/uploads\/2023\/10\/siglas-polo-social.jpg);\nbackground-position:50% 0%;\nbackground-attachment:scroll;\n}\n.avia-section.av-lnbisdch-eb9b9ea8b21afcd29f0a987bdfdab7ed .av-section-color-overlay{\nopacity:0.4;\nbackground-color:#08468c;\n}\n<\/style>\n<div id='av_section_32'  class='avia-section av-lnbisdch-eb9b9ea8b21afcd29f0a987bdfdab7ed main_color avia-section-default avia-no-border-styling  avia-builder-el-139  el_after_av_section  el_before_av_section  av-small-hide av-mini-hide avia-full-stretch av-parallax-section avia-bg-style-parallax av-section-color-overlay-active av-minimum-height av-minimum-height-100 av-height-100  container_wrap sidebar_right'  data-section-bg-repeat='stretch' data-av_minimum_height_pc='100' data-av_min_height_opt='100'><div class='av-parallax' data-avia-parallax-ratio='0.3' ><div class='av-parallax-inner main_color avia-full-stretch'><\/div><\/div><div class=\"av-section-color-overlay-wrap\"><div class=\"av-section-color-overlay\"><\/div><div class='container av-section-cont-open' ><div class='template-page content  av-content-small alpha units'><div class='post-entry post-entry-type-page post-entry-410'><div class='entry-content-wrapper clearfix'>\n<\/div><\/div><\/div><!-- close content main div --><\/div><\/div><\/div>\n<style type=\"text\/css\" data-created_by=\"avia_inline_auto\" id=\"style-css-av-lnbjrtcu-3d817c069d788152626558b8e9b1fcd9\">\n.avia-section.av-lnbjrtcu-3d817c069d788152626558b8e9b1fcd9{\nbackground-repeat:no-repeat;\nbackground-image:url(https:\/\/vamospolo.es\/wp-content\/uploads\/2023\/10\/Banner-casa-club-1920x720-1.jpg);\nbackground-position:0% 0%;\nbackground-attachment:scroll;\n}\n<\/style>\n<div id='casacat'  class='avia-section av-lnbjrtcu-3d817c069d788152626558b8e9b1fcd9 main_color avia-section-default avia-no-border-styling  avia-builder-el-140  el_after_av_section  el_before_av_section  av-small-hide av-mini-hide avia-full-stretch avia-bg-style-scroll av-minimum-height av-minimum-height-75 av-height-75  container_wrap sidebar_right'  data-section-bg-repeat='stretch' data-av_minimum_height_pc='75' data-av_min_height_opt='75'><div class='container av-section-cont-open' ><div class='template-page content  av-content-small alpha units'><div class='post-entry post-entry-type-page post-entry-410'><div class='entry-content-wrapper clearfix'>\n<\/div><\/div><\/div><!-- close content main div --><\/div><\/div>\n<style type=\"text\/css\" data-created_by=\"avia_inline_auto\" id=\"style-css-av-lncvq9wx-20dee4b720818b24ca544e821bba1f20\">\n.avia-section.av-lncvq9wx-20dee4b720818b24ca544e821bba1f20{\nbackground-repeat:no-repeat;\nbackground-image:url(https:\/\/vamospolo.es\/wp-content\/uploads\/2023\/10\/Banner-casa-club-1080x1080_modified.jpg);\nbackground-position:0% 0%;\nbackground-attachment:scroll;\n}\n<\/style>\n<div id='casaclubmobcat'  class='avia-section av-lncvq9wx-20dee4b720818b24ca544e821bba1f20 main_color avia-section-default avia-no-border-styling  avia-builder-el-141  el_after_av_section  el_before_av_one_half  av-desktop-hide av-medium-hide avia-full-stretch avia-bg-style-scroll av-minimum-height av-minimum-height-99vw av-height-percent_width  container_wrap sidebar_right'  data-section-bg-repeat='stretch' data-av_minimum_height_pc='99' data-av_min_height_opt='percent_width'><div class='container av-section-cont-open' ><div class='template-page content  av-content-small alpha units'><div class='post-entry post-entry-type-page post-entry-410'><div class='entry-content-wrapper clearfix'><\/div><\/div><\/div><!-- close content main div --><\/div><\/div><div id='after_section_34'  class='main_color av_default_container_wrap container_wrap sidebar_right'  ><div class='container av-section-cont-open' ><div class='template-page content  av-content-small alpha units'><div class='post-entry post-entry-type-page post-entry-410'><div class='entry-content-wrapper clearfix'>\n<div  class='flex_column av-av_one_half-692a56cb27b4036f41891925b87c1c70 av_one_half  avia-builder-el-142  el_after_av_section  el_before_av_one_half  avia-builder-el-first  first flex_column_div  '     ><style type=\"text\/css\" data-created_by=\"avia_inline_auto\" id=\"style-css-av-lnbka833-a14815bbe2c27289fe80e9b72c37abbb\">\n#top .av_textblock_section.av-lnbka833-a14815bbe2c27289fe80e9b72c37abbb .avia_textblock{\nfont-size:16px;\n}\n<\/style>\n<section  class='av_textblock_section av-lnbka833-a14815bbe2c27289fe80e9b72c37abbb '   itemscope=\"itemscope\" itemtype=\"https:\/\/schema.org\/CreativeWork\" ><div class='av-small-hide av-mini-hide avia_textblock'  itemprop=\"text\" ><ul>\n<li>Situar al Club al nivell d&#8217;excel\u00b7l\u00e8ncia exigit per tots els seus socis.<\/li>\n<li>Prioritzar la conviv\u00e8ncia harm\u00f2nica entre tots els socis per a fomentar un ambient respectu\u00f3s i cuidar la conservaci\u00f3 i cura dels espais comuns del Club.<\/li>\n<li>Millorar l&#8217;aprofitament de les infraestructures del Club, de cara a satisfer les necessitats de tots els socis.<\/li>\n<\/ul>\n<\/div><\/section><\/div>\n<div  class='flex_column av-av_one_half-7bd3f5cd863a6256abcb544d7c276d96 av_one_half  avia-builder-el-144  el_after_av_one_half  el_before_av_textblock  flex_column_div  '     ><style type=\"text\/css\" data-created_by=\"avia_inline_auto\" id=\"style-css-av-lo2mn6j5-23317bf1b6e7ba9a39b7cfc8eabec19c\">\n#top .av_textblock_section.av-lo2mn6j5-23317bf1b6e7ba9a39b7cfc8eabec19c .avia_textblock{\nfont-size:16px;\n}\n<\/style>\n<section  class='av_textblock_section av-lo2mn6j5-23317bf1b6e7ba9a39b7cfc8eabec19c '   itemscope=\"itemscope\" itemtype=\"https:\/\/schema.org\/CreativeWork\" ><div class='av-small-hide av-mini-hide avia_textblock'  itemprop=\"text\" ><ul>\n<li>Implementar un control i coordinaci\u00f3 efectius dels serveis prestats per empreses externes per a garantir la qualitat dels serveis i el compliment de les normes establertes.<\/li>\n<li>Augmentar i diversificar l&#8217;oferta gastron\u00f2mica amb opcions com men\u00fas <em>\u201chealthy\u201d<\/em> i <em>bufet<\/em> lliure per satisfer les prefer\u00e8ncies dels socis i atraure aquells interessats en opcions m\u00e9s saludables.<\/li>\n<li>Millorar la distribuci\u00f3 de l&#8217;espai \u00fanic de la terrassa del restaurant del Club en diverses ubicacions permetent el seu millor aprofitament.<\/li>\n<li>Habilitar espais amables per a totes les edats, amb especial atenci\u00f3 en els nens.<\/li>\n<\/ul>\n<\/div><\/section><\/div>\n\n<style type=\"text\/css\" data-created_by=\"avia_inline_auto\" id=\"style-css-av-lncwt7b4-5b9b30752bdaa7712511aaa268bda2ad\">\n#top .av_textblock_section.av-lncwt7b4-5b9b30752bdaa7712511aaa268bda2ad .avia_textblock{\nfont-size:16px;\n}\n<\/style>\n<section  class='av_textblock_section av-lncwt7b4-5b9b30752bdaa7712511aaa268bda2ad '   itemscope=\"itemscope\" itemtype=\"https:\/\/schema.org\/CreativeWork\" ><div class='av-desktop-hide av-medium-hide avia_textblock'  itemprop=\"text\" ><ul>\n<li>Situar al Club al nivell d&#8217;excel\u00b7l\u00e8ncia exigit per tots els seus socis.<\/li>\n<li>Prioritzar la conviv\u00e8ncia harm\u00f2nica entre tots els socis per a fomentar un ambient respectu\u00f3s i cuidar la conservaci\u00f3 i cura dels espais comuns del Club.<\/li>\n<li>Millorar l&#8217;aprofitament de les infraestructures del Club, de cara a satisfer les necessitats de tots els socis.<\/li>\n<li>Implementar un control i coordinaci\u00f3 efectius dels serveis prestats per empreses externes per a garantir la qualitat dels serveis i el compliment de les normes establertes.<\/li>\n<li>Augmentar i diversificar l&#8217;oferta gastron\u00f2mica amb opcions com men\u00fas <em>\u201chealthy\u201d<\/em> i <em>bufet<\/em> lliure per satisfer les prefer\u00e8ncies dels socis i atraure aquells interessats en opcions m\u00e9s saludables.<\/li>\n<li>Millorar la distribuci\u00f3 de l&#8217;espai \u00fanic de la terrassa del restaurant del Club en diverses ubicacions permetent el seu millor aprofitament.<\/li>\n<li>Habilitar espais amables per a totes les edats, amb especial atenci\u00f3 en els nens.<\/li>\n<\/ul>\n<\/div><\/section>\n<div  class='flex_column av-5wn2-f10a6c0383c3b456abc8cdd30bbd5a13 av_one_fourth  avia-builder-el-147  el_after_av_textblock  el_before_av_section  avia-builder-el-last  first flex_column_div  column-top-margin'     ><p>\n<style type=\"text\/css\" data-created_by=\"avia_inline_auto\" id=\"style-css-av-lnbkbzxx-48832435992cb043cdf1e917285c7718\">\n#top #wrap_all .avia-team-member.av-lnbkbzxx-48832435992cb043cdf1e917285c7718 .team-member-name{\ncolor:#08468c;\n}\n.avia-team-member.av-lnbkbzxx-48832435992cb043cdf1e917285c7718 .team-member-job-title{\ncolor:#e6373b;\n}\n.avia-team-member.av-lnbkbzxx-48832435992cb043cdf1e917285c7718 .avia-team-icon{\ncolor:#08468c;\n}\n<\/style>\n<section  class='avia-team-member av-lnbkbzxx-48832435992cb043cdf1e917285c7718  avia-builder-el-148  el_before_av_font_icon  avia-builder-el-first '  itemscope=\"itemscope\" itemtype=\"https:\/\/schema.org\/Person\" ><h3 class='team-member-name '  itemprop=\"name\" >Aitana M\u00e9ndez Vilaplana <\/h3><div class='team-member-job-title av_opacity_variation'  itemprop=\"jobTitle\" >S\u00f2cia 3739<\/div><div class='team-member-description '  itemprop=\"description\" ><p>Advocat<br \/>\nCEO, Arch &amp; Law, Property Advisors<br \/>\nCEO, Estudio Jur\u00eddico M\u00e9ndez-Vilaplana<\/p>\n<\/div><span class='hidden team-member-affiliation'  itemprop=\"affiliation\" >Vamos Polo<\/span><\/section><br \/>\n\n<style type=\"text\/css\" data-created_by=\"avia_inline_auto\" id=\"style-css-av-lo5pk1jz-f0c956984ae45b7e32541850ad5d999b\">\n.av_font_icon.av-lo5pk1jz-f0c956984ae45b7e32541850ad5d999b{\ncolor:#08468c;\nborder-color:#08468c;\n}\n.av_font_icon.av-lo5pk1jz-f0c956984ae45b7e32541850ad5d999b .av-icon-char{\nfont-size:40px;\nline-height:40px;\n}\n<\/style>\n<span  class='av_font_icon av-lo5pk1jz-f0c956984ae45b7e32541850ad5d999b avia_animate_when_visible av-icon-style- avia-icon-pos-left avia-icon-animate'><a href='http:\/\/linkedin.com\/in\/aitana-m\u00e9ndez-vilaplana-9877b41a1'   class='av-icon-char' aria-hidden='true' data-av_icon='\ue8fd' data-av_iconfont='entypo-fontello' ><\/a><\/span><\/p><\/div>\n<\/div><\/div><\/div><!-- close content main div --><\/div><\/div>\n<style type=\"text\/css\" data-created_by=\"avia_inline_auto\" id=\"style-css-av-lnbk510a-d0a10ebfd03b7e96c8e26b3a9c0ab052\">\n.avia-section.av-lnbk510a-d0a10ebfd03b7e96c8e26b3a9c0ab052 .av-parallax .av-parallax-inner{\nbackground-repeat:no-repeat;\nbackground-image:url(https:\/\/vamospolo.es\/wp-content\/uploads\/2023\/10\/parallax-COMUNICACION.jpg);\nbackground-position:50% 0%;\nbackground-attachment:scroll;\n}\n.avia-section.av-lnbk510a-d0a10ebfd03b7e96c8e26b3a9c0ab052 .av-section-color-overlay{\nopacity:0.4;\nbackground-color:#08468c;\n}\n<\/style>\n<div id='av_section_35'  class='avia-section av-lnbk510a-d0a10ebfd03b7e96c8e26b3a9c0ab052 main_color avia-section-default avia-no-border-styling  avia-builder-el-150  el_after_av_one_fourth  el_before_av_section  av-small-hide av-mini-hide avia-full-stretch av-parallax-section avia-bg-style-parallax av-section-color-overlay-active av-minimum-height av-minimum-height-100 av-height-100  container_wrap sidebar_right'  data-section-bg-repeat='stretch' data-av_minimum_height_pc='100' data-av_min_height_opt='100'><div class='av-parallax' data-avia-parallax-ratio='0.3' ><div class='av-parallax-inner main_color avia-full-stretch'><\/div><\/div><div class=\"av-section-color-overlay-wrap\"><div class=\"av-section-color-overlay\"><\/div><div class='container av-section-cont-open' ><div class='template-page content  av-content-small alpha units'><div class='post-entry post-entry-type-page post-entry-410'><div class='entry-content-wrapper clearfix'>\n<\/div><\/div><\/div><!-- close content main div --><\/div><\/div><\/div>\n<style type=\"text\/css\" data-created_by=\"avia_inline_auto\" id=\"style-css-av-lnbjsksf-8f02f9042f0dbec35914a38f96878697\">\n.avia-section.av-lnbjsksf-8f02f9042f0dbec35914a38f96878697{\nbackground-repeat:no-repeat;\nbackground-image:url(https:\/\/vamospolo.es\/wp-content\/uploads\/2023\/10\/Banner-COMUNICACIO-1920x720-Recuperado.jpg);\nbackground-position:0% 0%;\nbackground-attachment:scroll;\n}\n<\/style>\n<div id='comunicacioncat'  class='avia-section av-lnbjsksf-8f02f9042f0dbec35914a38f96878697 main_color avia-section-default avia-no-border-styling  avia-builder-el-151  el_after_av_section  el_before_av_section  av-small-hide av-mini-hide avia-full-stretch avia-bg-style-scroll av-minimum-height av-minimum-height-75 av-height-75  container_wrap sidebar_right'  data-section-bg-repeat='stretch' data-av_minimum_height_pc='75' data-av_min_height_opt='75'><div class='container av-section-cont-open' ><div class='template-page content  av-content-small alpha units'><div class='post-entry post-entry-type-page post-entry-410'><div class='entry-content-wrapper clearfix'>\n<\/div><\/div><\/div><!-- close content main div --><\/div><\/div>\n<style type=\"text\/css\" data-created_by=\"avia_inline_auto\" id=\"style-css-av-lncvskkv-4124ace0605478af029578bd6b6738c9\">\n.avia-section.av-lncvskkv-4124ace0605478af029578bd6b6738c9{\nbackground-repeat:no-repeat;\nbackground-image:url(https:\/\/vamospolo.es\/wp-content\/uploads\/2023\/10\/Banner-COMUNICACIO-1080x1080-Recuperado.jpg);\nbackground-position:0% 0%;\nbackground-attachment:scroll;\n}\n<\/style>\n<div id='comunicacionmob'  class='avia-section av-lncvskkv-4124ace0605478af029578bd6b6738c9 main_color avia-section-default avia-no-border-styling  avia-builder-el-152  el_after_av_section  el_before_av_one_half  av-desktop-hide av-medium-hide avia-full-stretch avia-bg-style-scroll av-minimum-height av-minimum-height-99vw av-height-percent_width  container_wrap sidebar_right'  data-section-bg-repeat='stretch' data-av_minimum_height_pc='99' data-av_min_height_opt='percent_width'><div class='container av-section-cont-open' ><div class='template-page content  av-content-small alpha units'><div class='post-entry post-entry-type-page post-entry-410'><div class='entry-content-wrapper clearfix'><\/div><\/div><\/div><!-- close content main div --><\/div><\/div><div id='after_section_37'  class='main_color av_default_container_wrap container_wrap sidebar_right'  ><div class='container av-section-cont-open' ><div class='template-page content  av-content-small alpha units'><div class='post-entry post-entry-type-page post-entry-410'><div class='entry-content-wrapper clearfix'>\n<div  class='flex_column av-av_one_half-692a56cb27b4036f41891925b87c1c70 av_one_half  avia-builder-el-153  el_after_av_section  el_before_av_one_half  avia-builder-el-first  first flex_column_div  '     ><style type=\"text\/css\" data-created_by=\"avia_inline_auto\" id=\"style-css-av-lnbkd7uk-cc85d765ff73758552e233b346805656\">\n#top .av_textblock_section.av-lnbkd7uk-cc85d765ff73758552e233b346805656 .avia_textblock{\nfont-size:16px;\n}\n<\/style>\n<section  class='av_textblock_section av-lnbkd7uk-cc85d765ff73758552e233b346805656 '   itemscope=\"itemscope\" itemtype=\"https:\/\/schema.org\/CreativeWork\" ><div class='av-small-hide av-mini-hide avia_textblock'  itemprop=\"text\" ><ul>\n<li>Fomentar la participaci\u00f3 activa del soci en les decisions del Club.<\/li>\n<li>Canalitzar l&#8217;opini\u00f3 dels socis de cara a propostes de millora del Club.<\/li>\n<li>Millorar la comunicaci\u00f3 fluida amb els diferents stakeholders del Club (socis, JD, patrocinadors, empleats, etc\u2026).<\/li>\n<\/ul>\n<\/div><\/section><\/div>\n<div  class='flex_column av-av_one_half-7bd3f5cd863a6256abcb544d7c276d96 av_one_half  avia-builder-el-155  el_after_av_one_half  el_before_av_textblock  flex_column_div  '     ><style type=\"text\/css\" data-created_by=\"avia_inline_auto\" id=\"style-css-av-lo2mosbl-151de9453bdd162ad31effa8028033c4\">\n#top .av_textblock_section.av-lo2mosbl-151de9453bdd162ad31effa8028033c4 .avia_textblock{\nfont-size:16px;\n}\n<\/style>\n<section  class='av_textblock_section av-lo2mosbl-151de9453bdd162ad31effa8028033c4 '   itemscope=\"itemscope\" itemtype=\"https:\/\/schema.org\/CreativeWork\" ><div class='av-small-hide av-mini-hide avia_textblock'  itemprop=\"text\" ><ul>\n<li>Visibilitzar el talent esportiu dels socis tant a nivell intern (web i newsletter, com RRSS i mitjans).<\/li>\n<li>Facilitar la comunicaci\u00f3 entre les diferents \u00e0rees del Club.<\/li>\n<li><span style=\"font-weight: 400;\">Acompanyar a les empreses patrocinadores i integrar-les en les activitats del Club.<\/span><\/li>\n<\/ul>\n<\/div><\/section><\/div>\n\n<style type=\"text\/css\" data-created_by=\"avia_inline_auto\" id=\"style-css-av-lncwtmoh-e61cdbf6f0949e936a03b916560b0111\">\n#top .av_textblock_section.av-lncwtmoh-e61cdbf6f0949e936a03b916560b0111 .avia_textblock{\nfont-size:16px;\n}\n<\/style>\n<section  class='av_textblock_section av-lncwtmoh-e61cdbf6f0949e936a03b916560b0111 '   itemscope=\"itemscope\" itemtype=\"https:\/\/schema.org\/CreativeWork\" ><div class='av-desktop-hide av-medium-hide avia_textblock'  itemprop=\"text\" ><ul>\n<li>Fomentar la participaci\u00f3 activa del soci en les decisions del Club.<\/li>\n<li>Canalitzar l&#8217;opini\u00f3 dels socis de cara a propostes de millora del Club.<\/li>\n<li>Millorar la comunicaci\u00f3 fluida amb els diferents stakeholders del Club (socis, JD, patrocinadors, empleats, etc\u2026).<\/li>\n<li>Visibilitzar el talent esportiu dels socis tant a nivell intern (web i newsletter, com RRSS i mitjans).<\/li>\n<li>Facilitar la comunicaci\u00f3 entre les diferents \u00e0rees del Club.<\/li>\n<\/ul>\n<\/div><\/section>\n<div  class='flex_column av-cu0-a9f464529df3dc6c1fa38d18305502b1 av_one_fourth  avia-builder-el-158  el_after_av_textblock  el_before_av_section  avia-builder-el-last  first flex_column_div  column-top-margin'     ><p>\n<style type=\"text\/css\" data-created_by=\"avia_inline_auto\" id=\"style-css-av-lnbkewho-72c3331db9e9a0e29515f5ced3434af8\">\n#top #wrap_all .avia-team-member.av-lnbkewho-72c3331db9e9a0e29515f5ced3434af8 .team-member-name{\ncolor:#08468c;\n}\n.avia-team-member.av-lnbkewho-72c3331db9e9a0e29515f5ced3434af8 .team-member-job-title{\ncolor:#e6373b;\n}\n.avia-team-member.av-lnbkewho-72c3331db9e9a0e29515f5ced3434af8 .avia-team-icon{\ncolor:#08468c;\n}\n<\/style>\n<section  class='avia-team-member av-lnbkewho-72c3331db9e9a0e29515f5ced3434af8  avia-builder-el-159  el_before_av_font_icon  avia-builder-el-first '  itemscope=\"itemscope\" itemtype=\"https:\/\/schema.org\/Person\" ><h3 class='team-member-name '  itemprop=\"name\" >Ariadna Belver Comin<\/h3><div class='team-member-job-title av_opacity_variation'  itemprop=\"jobTitle\" >S\u00f2cia 1094<\/div><div class='team-member-description '  itemprop=\"description\" ><p>Vicepresident de WIRES, Women in Real Estate Spain<br \/>\nEconomista i Periodista<br \/>\nDirectora Lideratges Onda Cero<\/p>\n<\/div><span class='hidden team-member-affiliation'  itemprop=\"affiliation\" >Vamos Polo<\/span><\/section><br \/>\n\n<style type=\"text\/css\" data-created_by=\"avia_inline_auto\" id=\"style-css-av-lo5pkix0-2543d4e2c1c37b407da16a66dfa82824\">\n.av_font_icon.av-lo5pkix0-2543d4e2c1c37b407da16a66dfa82824{\ncolor:#08468c;\nborder-color:#08468c;\n}\n.av_font_icon.av-lo5pkix0-2543d4e2c1c37b407da16a66dfa82824 .av-icon-char{\nfont-size:40px;\nline-height:40px;\n}\n<\/style>\n<span  class='av_font_icon av-lo5pkix0-2543d4e2c1c37b407da16a66dfa82824 avia_animate_when_visible av-icon-style- avia-icon-pos-left avia-icon-animate'><a href='https:\/\/www.linkedin.com\/in\/ariadna-belver-comin-5a611a33'   class='av-icon-char' aria-hidden='true' data-av_icon='\ue8fd' data-av_iconfont='entypo-fontello' ><\/a><\/span><\/p><\/div>\n<\/div><\/div><\/div><!-- close content main div --><\/div><\/div>\n<style type=\"text\/css\" data-created_by=\"avia_inline_auto\" id=\"style-css-av-lnbjtb4p-96f2589d0ec2a7d9ef181b5f82240fc1\">\n.avia-section.av-lnbjtb4p-96f2589d0ec2a7d9ef181b5f82240fc1{\nbackground-repeat:no-repeat;\nbackground-image:url(https:\/\/vamospolo.es\/wp-content\/uploads\/2023\/10\/CAT-Banner-CONTACTO-1920x720-1.jpg);\nbackground-position:0% 0%;\nbackground-attachment:scroll;\n}\n<\/style>\n<div id='contactocat'  class='avia-section av-lnbjtb4p-96f2589d0ec2a7d9ef181b5f82240fc1 main_color avia-section-default avia-no-border-styling  avia-builder-el-161  el_after_av_one_fourth  el_before_av_section  av-small-hide av-mini-hide avia-full-stretch avia-bg-style-scroll av-minimum-height av-minimum-height-75 av-height-75  container_wrap sidebar_right'  data-section-bg-repeat='stretch' data-av_minimum_height_pc='75' data-av_min_height_opt='75'><div class='container av-section-cont-open' ><div class='template-page content  av-content-small alpha units'><div class='post-entry post-entry-type-page post-entry-410'><div class='entry-content-wrapper clearfix'>\n<\/div><\/div><\/div><!-- close content main div --><\/div><\/div>\n<style type=\"text\/css\" data-created_by=\"avia_inline_auto\" id=\"style-css-av-lncvt8ks-25f78be677a0d8a3069734c6c2a23cd2\">\n.avia-section.av-lncvt8ks-25f78be677a0d8a3069734c6c2a23cd2{\nbackground-repeat:no-repeat;\nbackground-image:url(https:\/\/vamospolo.es\/wp-content\/uploads\/2023\/10\/CAT-Banner-CONTACTE-1080x1080-1.jpg);\nbackground-position:0% 0%;\nbackground-attachment:scroll;\n}\n<\/style>\n<div id='contactomobcat'  class='avia-section av-lncvt8ks-25f78be677a0d8a3069734c6c2a23cd2 main_color avia-section-default avia-no-border-styling  avia-builder-el-162  el_after_av_section  el_before_av_one_full  av-desktop-hide av-medium-hide avia-full-stretch avia-bg-style-scroll av-minimum-height av-minimum-height-99vw av-height-percent_width  container_wrap sidebar_right'  data-section-bg-repeat='stretch' data-av_minimum_height_pc='99' data-av_min_height_opt='percent_width'><div class='container av-section-cont-open' ><div class='template-page content  av-content-small alpha units'><div class='post-entry post-entry-type-page post-entry-410'><div class='entry-content-wrapper clearfix'><\/div><\/div><\/div><!-- close content main div --><\/div><\/div><div id='after_section_39'  class='main_color av_default_container_wrap container_wrap sidebar_right'  ><div class='container av-section-cont-open' ><div class='template-page content  av-content-small alpha units'><div class='post-entry post-entry-type-page post-entry-410'><div class='entry-content-wrapper clearfix'>\n<div  class='flex_column av-av_one_full-692a56cb27b4036f41891925b87c1c70 av_one_full  avia-builder-el-163  el_after_av_section  avia-builder-el-no-sibling  first flex_column_div  '     ><style type=\"text\/css\" data-created_by=\"avia_inline_auto\" id=\"style-css-av-av_textblock-0e6035393f05d71fa9aac0ee245e3fa6\">\n#top .av_textblock_section.av-av_textblock-0e6035393f05d71fa9aac0ee245e3fa6 .avia_textblock{\nfont-size:24px;\ncolor:#08468c;\n}\n<\/style>\n<section  class='av_textblock_section av-av_textblock-0e6035393f05d71fa9aac0ee245e3fa6 '   itemscope=\"itemscope\" itemtype=\"https:\/\/schema.org\/CreativeWork\" ><div class='avia_textblock av_inherit_color'  itemprop=\"text\" ><p style=\"text-align: center;\"><a href=\"mailto:vamos@vamospolo.es\">vamos@vamospolo.es<\/a><\/p>\n<\/div><\/section><\/div>\n","protected":false},"excerpt":{"rendered":"","protected":false},"author":1,"featured_media":0,"parent":0,"menu_order":0,"comment_status":"closed","ping_status":"closed","template":"","meta":{"footnotes":""},"class_list":["post-410","page","type-page","status-publish","hentry"],"yoast_head":"<!-- This site is optimized with the Yoast SEO plugin v26.3 - https:\/\/yoast.com\/wordpress\/plugins\/seo\/ -->\n<title>Inici | Vamos Polo<\/title>\n<meta name=\"robots\" content=\"index, follow, max-snippet:-1, max-image-preview:large, max-video-preview:-1\" \/>\n<link rel=\"canonical\" href=\"https:\/\/vamospolo.es\/ca\/inici\/\" \/>\n<meta property=\"og:locale\" content=\"ca_ES\" \/>\n<meta property=\"og:type\" content=\"article\" \/>\n<meta property=\"og:title\" content=\"Inici | Vamos Polo\" \/>\n<meta property=\"og:url\" content=\"https:\/\/vamospolo.es\/ca\/inici\/\" \/>\n<meta property=\"og:site_name\" content=\"Vamos Polo\" \/>\n<meta property=\"article:publisher\" content=\"https:\/\/www.instagram.com\/vamospolo.es\/?igshid=MzRlODBiNWFlZA\" \/>\n<meta property=\"article:modified_time\" content=\"2023-11-23T07:47:08+00:00\" \/>\n<meta property=\"og:image\" content=\"https:\/\/vamospolo.es\/wp-content\/uploads\/2023\/11\/Slider-home_1920x1080-3.jpg\" \/>\n\t<meta property=\"og:image:width\" content=\"1920\" \/>\n\t<meta property=\"og:image:height\" content=\"1080\" \/>\n\t<meta property=\"og:image:type\" content=\"image\/jpeg\" \/>\n<meta name=\"twitter:card\" content=\"summary_large_image\" \/>\n<meta name=\"twitter:label1\" content=\"Temps estimat de lectura\" \/>\n\t<meta name=\"twitter:data1\" content=\"232 minuts\" \/>\n<script type=\"application\/ld+json\" class=\"yoast-schema-graph\">{\"@context\":\"https:\/\/schema.org\",\"@graph\":[{\"@type\":\"WebPage\",\"@id\":\"https:\/\/vamospolo.es\/ca\/inici\/\",\"url\":\"https:\/\/vamospolo.es\/ca\/inici\/\",\"name\":\"Inici | Vamos Polo\",\"isPartOf\":{\"@id\":\"https:\/\/vamospolo.es\/#website\"},\"datePublished\":\"2023-09-26T10:27:50+00:00\",\"dateModified\":\"2023-11-23T07:47:08+00:00\",\"breadcrumb\":{\"@id\":\"https:\/\/vamospolo.es\/ca\/inici\/#breadcrumb\"},\"inLanguage\":\"ca\",\"potentialAction\":[{\"@type\":\"ReadAction\",\"target\":[\"https:\/\/vamospolo.es\/ca\/inici\/\"]}]},{\"@type\":\"BreadcrumbList\",\"@id\":\"https:\/\/vamospolo.es\/ca\/inici\/#breadcrumb\",\"itemListElement\":[{\"@type\":\"ListItem\",\"position\":1,\"name\":\"Portada\",\"item\":\"https:\/\/vamospolo.es\/ca\/inici\/\"},{\"@type\":\"ListItem\",\"position\":2,\"name\":\"Inici\"}]},{\"@type\":\"WebSite\",\"@id\":\"https:\/\/vamospolo.es\/#website\",\"url\":\"https:\/\/vamospolo.es\/\",\"name\":\"\u00a1VamosPolo!\",\"description\":\"Una candidatura formada por un equipo de socios, que vivimos y disfrutamos el Polo desde hace muchos a\u00f1os y que vamos a poner el m\u00e1ximo esfuerzo y compromiso en hacer un Polo todav\u00eda mejor\",\"publisher\":{\"@id\":\"https:\/\/vamospolo.es\/#organization\"},\"potentialAction\":[{\"@type\":\"SearchAction\",\"target\":{\"@type\":\"EntryPoint\",\"urlTemplate\":\"https:\/\/vamospolo.es\/?s={search_term_string}\"},\"query-input\":{\"@type\":\"PropertyValueSpecification\",\"valueRequired\":true,\"valueName\":\"search_term_string\"}}],\"inLanguage\":\"ca\"},{\"@type\":\"Organization\",\"@id\":\"https:\/\/vamospolo.es\/#organization\",\"name\":\"\u00a1VamosPolo!\",\"url\":\"https:\/\/vamospolo.es\/\",\"logo\":{\"@type\":\"ImageObject\",\"inLanguage\":\"ca\",\"@id\":\"https:\/\/vamospolo.es\/#\/schema\/logo\/image\/\",\"url\":\"https:\/\/vamospolo.es\/wp-content\/uploads\/2023\/11\/logo-new-vamos-polo.png\",\"contentUrl\":\"https:\/\/vamospolo.es\/wp-content\/uploads\/2023\/11\/logo-new-vamos-polo.png\",\"width\":340,\"height\":156,\"caption\":\"\u00a1VamosPolo!\"},\"image\":{\"@id\":\"https:\/\/vamospolo.es\/#\/schema\/logo\/image\/\"},\"sameAs\":[\"https:\/\/www.instagram.com\/vamospolo.es\/?igshid=MzRlODBiNWFlZA\"]}]}<\/script>\n<!-- \/ Yoast SEO plugin. -->","yoast_head_json":{"title":"Inici | Vamos Polo","robots":{"index":"index","follow":"follow","max-snippet":"max-snippet:-1","max-image-preview":"max-image-preview:large","max-video-preview":"max-video-preview:-1"},"canonical":"https:\/\/vamospolo.es\/ca\/inici\/","og_locale":"ca_ES","og_type":"article","og_title":"Inici | Vamos Polo","og_url":"https:\/\/vamospolo.es\/ca\/inici\/","og_site_name":"Vamos Polo","article_publisher":"https:\/\/www.instagram.com\/vamospolo.es\/?igshid=MzRlODBiNWFlZA","article_modified_time":"2023-11-23T07:47:08+00:00","og_image":[{"width":1920,"height":1080,"url":"https:\/\/vamospolo.es\/wp-content\/uploads\/2023\/11\/Slider-home_1920x1080-3.jpg","type":"image\/jpeg"}],"twitter_card":"summary_large_image","twitter_misc":{"Temps estimat de lectura":"232 minuts"},"schema":{"@context":"https:\/\/schema.org","@graph":[{"@type":"WebPage","@id":"https:\/\/vamospolo.es\/ca\/inici\/","url":"https:\/\/vamospolo.es\/ca\/inici\/","name":"Inici | Vamos Polo","isPartOf":{"@id":"https:\/\/vamospolo.es\/#website"},"datePublished":"2023-09-26T10:27:50+00:00","dateModified":"2023-11-23T07:47:08+00:00","breadcrumb":{"@id":"https:\/\/vamospolo.es\/ca\/inici\/#breadcrumb"},"inLanguage":"ca","potentialAction":[{"@type":"ReadAction","target":["https:\/\/vamospolo.es\/ca\/inici\/"]}]},{"@type":"BreadcrumbList","@id":"https:\/\/vamospolo.es\/ca\/inici\/#breadcrumb","itemListElement":[{"@type":"ListItem","position":1,"name":"Portada","item":"https:\/\/vamospolo.es\/ca\/inici\/"},{"@type":"ListItem","position":2,"name":"Inici"}]},{"@type":"WebSite","@id":"https:\/\/vamospolo.es\/#website","url":"https:\/\/vamospolo.es\/","name":"\u00a1VamosPolo!","description":"Una candidatura formada por un equipo de socios, que vivimos y disfrutamos el Polo desde hace muchos a\u00f1os y que vamos a poner el m\u00e1ximo esfuerzo y compromiso en hacer un Polo todav\u00eda mejor","publisher":{"@id":"https:\/\/vamospolo.es\/#organization"},"potentialAction":[{"@type":"SearchAction","target":{"@type":"EntryPoint","urlTemplate":"https:\/\/vamospolo.es\/?s={search_term_string}"},"query-input":{"@type":"PropertyValueSpecification","valueRequired":true,"valueName":"search_term_string"}}],"inLanguage":"ca"},{"@type":"Organization","@id":"https:\/\/vamospolo.es\/#organization","name":"\u00a1VamosPolo!","url":"https:\/\/vamospolo.es\/","logo":{"@type":"ImageObject","inLanguage":"ca","@id":"https:\/\/vamospolo.es\/#\/schema\/logo\/image\/","url":"https:\/\/vamospolo.es\/wp-content\/uploads\/2023\/11\/logo-new-vamos-polo.png","contentUrl":"https:\/\/vamospolo.es\/wp-content\/uploads\/2023\/11\/logo-new-vamos-polo.png","width":340,"height":156,"caption":"\u00a1VamosPolo!"},"image":{"@id":"https:\/\/vamospolo.es\/#\/schema\/logo\/image\/"},"sameAs":["https:\/\/www.instagram.com\/vamospolo.es\/?igshid=MzRlODBiNWFlZA"]}]}},"_links":{"self":[{"href":"https:\/\/vamospolo.es\/ca\/wp-json\/wp\/v2\/pages\/410","targetHints":{"allow":["GET"]}}],"collection":[{"href":"https:\/\/vamospolo.es\/ca\/wp-json\/wp\/v2\/pages"}],"about":[{"href":"https:\/\/vamospolo.es\/ca\/wp-json\/wp\/v2\/types\/page"}],"author":[{"embeddable":true,"href":"https:\/\/vamospolo.es\/ca\/wp-json\/wp\/v2\/users\/1"}],"replies":[{"embeddable":true,"href":"https:\/\/vamospolo.es\/ca\/wp-json\/wp\/v2\/comments?post=410"}],"version-history":[{"count":116,"href":"https:\/\/vamospolo.es\/ca\/wp-json\/wp\/v2\/pages\/410\/revisions"}],"predecessor-version":[{"id":955,"href":"https:\/\/vamospolo.es\/ca\/wp-json\/wp\/v2\/pages\/410\/revisions\/955"}],"wp:attachment":[{"href":"https:\/\/vamospolo.es\/ca\/wp-json\/wp\/v2\/media?parent=410"}],"curies":[{"name":"wp","href":"https:\/\/api.w.org\/{rel}","templated":true}]}}